{"id":2630,"date":"2026-02-25T18:47:03","date_gmt":"2026-02-25T17:47:03","guid":{"rendered":"https:\/\/www.royalpeptides.eu\/?page_id=2630"},"modified":"2026-04-15T12:31:38","modified_gmt":"2026-04-15T10:31:38","slug":"altalanos-szerzodesi-feltetelek","status":"publish","type":"page","link":"https:\/\/www.royalpeptides.eu\/hu\/altalanos-szerzodesi-feltetelek","title":{"rendered":"\u00c1ltal\u00e1nos szerz\u0151d\u00e9si felt\u00e9telek"},"content":{"rendered":"\t\t<div data-elementor-type=\"wp-page\" data-elementor-id=\"2630\" class=\"elementor elementor-2630 elementor-605\" data-elementor-post-type=\"page\">\n\t\t\t\t<div class=\"elementor-element elementor-element-7d872dc7 e-flex e-con-boxed e-con e-parent\" data-id=\"7d872dc7\" data-element_type=\"container\" data-e-type=\"container\" data-settings=\"{&quot;background_background&quot;:&quot;classic&quot;}\">\n\t\t\t\t\t<div class=\"e-con-inner\">\n\t\t<div class=\"elementor-element elementor-element-3b841669 e-con-full e-flex e-con e-child\" data-id=\"3b841669\" data-element_type=\"container\" data-e-type=\"container\" data-settings=\"{&quot;background_background&quot;:&quot;classic&quot;}\">\n\t\t\t\t<div class=\"elementor-element elementor-element-2698f8f0 elementor-widget elementor-widget-heading\" data-id=\"2698f8f0\" data-element_type=\"widget\" data-e-type=\"widget\" data-widget_type=\"heading.default\">\n\t\t\t\t\t<h1 class=\"elementor-heading-title elementor-size-default\">\u00c1ltal\u00e1nos szerz\u0151d\u00e9si felt\u00e9telek<\/h1>\t\t\t\t<\/div>\n\t\t\t\t<\/div>\n\t\t\t\t\t<\/div>\n\t\t\t\t<\/div>\n\t\t<div class=\"elementor-element elementor-element-b37b6db e-flex e-con-boxed e-con e-parent\" data-id=\"b37b6db\" data-element_type=\"container\" data-e-type=\"container\" data-settings=\"{&quot;background_background&quot;:&quot;classic&quot;}\">\n\t\t\t\t\t<div class=\"e-con-inner\">\n\t\t<div class=\"elementor-element elementor-element-2aecef9 e-con-full e-flex e-con e-child\" data-id=\"2aecef9\" data-element_type=\"container\" data-e-type=\"container\">\n\t\t\t\t<div class=\"elementor-element elementor-element-57574c0 elementor-widget elementor-widget-text-editor\" data-id=\"57574c0\" data-element_type=\"widget\" data-e-type=\"widget\" data-widget_type=\"text-editor.default\">\n\t\t\t\t\t\t\t\t\tTieto v\u0161eobecn\u00e9 obchodn\u00e9 podmienky (&#8222;<strong>Felt\u00e9telek<\/strong>&#8222;) szab\u00e1lyozz\u00e1k az \u00d6n, mint v\u00e1s\u00e1rl\u00f3, valamint a mi, mint elad\u00f3, illetve keresked\u0151 jogait \u00e9s k\u00f6telezetts\u00e9geit a t\u00e1voll\u00e9v\u0151k k\u00f6z\u00f6tti kommunik\u00e1ci\u00f3 \u00fatj\u00e1n l\u00e9trej\u00f6tt szerz\u0151d\u00e9ses jogviszonyok keret\u00e9ben, konkr\u00e9tan az <strong>www.royalpeptides.eu\n<\/strong> weboldalon m\u0171k\u00f6d\u0151 E-shopon kereszt\u00fcl.\n\nAz \u00d6n szem\u00e9lyes adatainak kezel\u00e9s\u00e9re vonatkoz\u00f3 \u00f6sszes inform\u00e1ci\u00f3 megtal\u00e1lhat\u00f3 az adatkezel\u00e9si ir\u00e1nyelvekben, amelyeket a www.royalpeptides.eu\n weboldalon az Adatv\u00e9delem szekci\u00f3ban tal\u00e1l.\n\nAhogyan bizony\u00e1ra \u00d6n is tudja, els\u0151sorban t\u00e1voll\u00e9v\u0151k k\u00f6z\u00f6tti kommunik\u00e1ci\u00f3 \u00fatj\u00e1n l\u00e9p\u00fcnk kapcsolatba. Ez\u00e9rt a szerz\u0151d\u00e9s\u00fcnkre is az vonatkozik, hogy olyan t\u00e1vkommunik\u00e1ci\u00f3s eszk\u00f6z\u00f6ket haszn\u00e1lunk, amelyek lehet\u0151v\u00e9 teszik, hogy fizikai jelenl\u00e9t\u00fcnk n\u00e9lk\u00fcl \u00e1llapodjunk meg egym\u00e1ssal.\n\nAmennyiben a Felt\u00e9telek b\u00e1rmely r\u00e9sze ellentmond annak, amit k\u00f6z\u00f6sen j\u00f3v\u00e1hagytunk az \u00d6n rendel\u00e9si folyamata sor\u00e1n az E-shopunkban, \u00fagy az adott meg\u00e1llapod\u00e1s els\u0151bbs\u00e9get \u00e9lvez a jelen Felt\u00e9telekkel szemben.\n\n<strong>egyes fogalommeghat\u00e1roz\u00e1sok<\/strong>\n\n<strong>Digit\u00e1lis teljes\u00edt\u00e9s<\/strong> minden olyan term\u00e9k vagy szolg\u00e1ltat\u00e1s, amelyet az E-shopban a digit\u00e1lis teljes\u00edt\u00e9sre vonatkoz\u00f3 szerz\u0151d\u00e9s megk\u00f6t\u00e9s\u00e9vel v\u00e1s\u00e1rolhat meg, \u00e9s amely egyidej\u0171leg digit\u00e1lis form\u00e1ban l\u00e9trehozott \u00e9s szolg\u00e1ltatott adatokb\u00f3l \u00e1ll, vagy olyan digit\u00e1lis szolg\u00e1ltat\u00e1s, amely lehet\u0151v\u00e9 teszi az adatok digit\u00e1lis form\u00e1ban t\u00f6rt\u00e9n\u0151 l\u00e9trehoz\u00e1s\u00e1t, feldolgoz\u00e1s\u00e1t, t\u00e1rol\u00e1s\u00e1t vagy az ilyen adatokhoz val\u00f3 hozz\u00e1f\u00e9r\u00e9st.\n\n<strong>\u00c1r<\/strong> az az \u00f6sszeg, amelyet az \u00c1ru\u00e9rt fizet;\n\n<strong>Sz\u00e1ll\u00edt\u00e1si d\u00edj<\/strong> az az \u00f6sszeg, amelyet az \u00c1ru k\u00e9zbes\u00edt\u00e9s\u00e9\u00e9rt fizet, bele\u00e9rtve a csomagol\u00e1s, sz\u00e1ll\u00edt\u00e1s, postak\u00f6lts\u00e9g vagy egy\u00e9b d\u00edjak k\u00f6lts\u00e9g\u00e9t is;\n\n<strong>Teljes \u00e1r<\/strong> az \u00c1r \u00e9s a Sz\u00e1ll\u00edt\u00e1si d\u00edj \u00f6sszege, valamint adott esetben tov\u00e1bbi k\u00f6lts\u00e9gek \u00e9s d\u00edjak, ha ezek nem voltak el\u0151re meghat\u00e1rozhat\u00f3k;\n\n<strong>\u00c1FA<\/strong> a hat\u00e1lyos jogszab\u00e1lyok szerinti \u00e1ltal\u00e1nos forgalmi ad\u00f3;\n\n<strong>E-shop<\/strong> az \u00e1ltalunk \u00fczemeltetett internetes \u00e1ruh\u00e1z a <a href=\"https:\/\/www.royalpeptides.eu\/\"><strong>royalpeptides.eu<\/strong><\/a><strong> <\/strong>c\u00edmen, ahol az \u00c1ru megv\u00e1s\u00e1rl\u00e1sa t\u00f6rt\u00e9nik;\n\n<strong>Sz\u00e1mla<\/strong> a Teljes \u00e1rr\u00f3l ki\u00e1ll\u00edtott, az \u00e1ltal\u00e1nos forgalmi ad\u00f3r\u00f3l sz\u00f3l\u00f3 t\u00f6rv\u00e9nynek megfelel\u0151 ad\u00f3\u00fcgyi bizonylat;\n\n<strong>Mi<\/strong> a Barbarea s.r.o. t\u00e1rsas\u00e1g, bejegyezve a Pozsonyi V\u00e1rosi B\u00edr\u00f3s\u00e1g III. c\u00e9gjegyz\u00e9k\u00e9ben, Sro r\u00e9szleg, 161486\/B sz\u00e1m alatt, e-mail: <a href=\"mailto:info@royalpeptides.eu\"><strong>info@royalpeptides.eu\n<\/strong><\/a><strong>, ,<\/strong> a jogszab\u00e1lyok szerint elad\u00f3k\u00e9nt \u00e9s\/vagy keresked\u0151k\u00e9nt megjel\u00f6lve; a f\u00e9lre\u00e9rt\u00e9sek elker\u00fcl\u00e9se \u00e9rdek\u00e9ben nem vagyunk online piact\u00e9r \u00fczemeltet\u0151k, teh\u00e1t nem vagyunk olyan szem\u00e9lyek, akik online piacteret m\u0171k\u00f6dtetnek \u00e9s biztos\u00edtanak a Fogyaszt\u00f3k sz\u00e1m\u00e1ra, m\u00e9g harmadik szem\u00e9ly k\u00f6zvet\u00edt\u00e9s\u00e9vel sem, ez\u00e9rt r\u00e1nk nem vonatkoznak a fogyaszt\u00f3v\u00e9delemr\u0151l sz\u00f3l\u00f3 t\u00f6rv\u00e9ny 16. \u00e9s 17. \u00a7 szerinti k\u00fcl\u00f6nleges t\u00e1j\u00e9koztat\u00e1si k\u00f6telezetts\u00e9gek.\n\n<strong>Megrendel\u00e9s<\/strong> az \u00d6n visszavonhatatlan aj\u00e1nlata a vel\u00fcnk k\u00f6tend\u0151 ad\u00e1sv\u00e9teli szerz\u0151d\u00e9s megk\u00f6t\u00e9s\u00e9re az \u00c1ru megv\u00e1s\u00e1rl\u00e1s\u00e1ra;\n\n<strong>V\u00e1llalkoz\u00f3<\/strong> az a szem\u00e9ly, aki a c\u00e9gjegyz\u00e9kben szerepel, v\u00e1llalkoz\u00e1si tev\u00e9kenys\u00e9get folytat egy\u00e9ni v\u00e1llalkoz\u00f3i enged\u00e9ly alapj\u00e1n, m\u00e1s \u2013 k\u00fcl\u00f6n jogszab\u00e1ly szerinti \u2013 enged\u00e9ly alapj\u00e1n, vagy mez\u0151gazdas\u00e1gi termel\u00e9st v\u00e9gez \u00e9s k\u00fcl\u00f6n jogszab\u00e1ly szerinti nyilv\u00e1ntart\u00e1sban szerepel;\n\n<strong>Fogyaszt\u00f3<\/strong> az a term\u00e9szetes szem\u00e9ly, aki a fogyaszt\u00f3i szerz\u0151d\u00e9s megk\u00f6t\u00e9se \u00e9s teljes\u00edt\u00e9se sor\u00e1n nem a kereskedelmi vagy egy\u00e9b v\u00e1llalkoz\u00e1si tev\u00e9kenys\u00e9ge k\u00f6r\u00e9ben j\u00e1r el;\n\n<strong>Fogyaszt\u00f3i ad\u00e1sv\u00e9teli szerz\u0151d\u00e9s<\/strong> az a szerz\u0151d\u00e9s, amelyet a keresked\u0151 mint elad\u00f3 \u00e9s a Fogyaszt\u00f3 mint vev\u0151 k\u00f6t, ha a v\u00e1s\u00e1rl\u00e1s t\u00e1rgya b\u00e1rmilyen ing\u00f3 dolog, bele\u00e9rtve a digit\u00e1lis elemekkel rendelkez\u0151 dolgokat, valamint a korl\u00e1tozott mennyis\u00e9gben vagy meghat\u00e1rozott mennyis\u00e9gben \u00e9rt\u00e9kes\u00edtett vizet, g\u00e1zt vagy villamos energi\u00e1t is, m\u00e9g akkor is, ha a dolgot m\u00e9g csak le kell gy\u00e1rtani vagy elk\u00e9sz\u00edteni, t\u00f6bbek k\u00f6z\u00f6tt a Fogyaszt\u00f3 mint vev\u0151 specifik\u00e1ci\u00f3i alapj\u00e1n;\n\n<strong>\u00c1ru<\/strong>\n\n<strong>Felhaszn\u00e1l\u00f3i fi\u00f3k<\/strong> az \u00d6n \u00e1ltal megadott adatok alapj\u00e1n l\u00e9trehozott fi\u00f3k, amely lehet\u0151v\u00e9 teszi a megadott adatok t\u00e1rol\u00e1s\u00e1t, a megrendelt \u00c1ru \u00e9s a megk\u00f6t\u00f6tt szerz\u0151d\u00e9sek el\u0151zm\u00e9nyeinek meg\u0151rz\u00e9s\u00e9t, valamint a digit\u00e1lis tartalomhoz val\u00f3 hozz\u00e1f\u00e9r\u00e9st \u00e9s annak haszn\u00e1lat\u00e1t a digit\u00e1lis teljes\u00edt\u00e9sre vonatkoz\u00f3 szerz\u0151d\u00e9s keret\u00e9ben;\n\n<strong>\u00d6n<\/strong> az a szem\u00e9ly, aki az E-shopunkban v\u00e1s\u00e1rol, a jogszab\u00e1lyok szerint vev\u0151nek min\u0151s\u00fcl. Amennyiben a megrendel\u00e9sben megadja az azonos\u00edt\u00f3 sz\u00e1m\u00e1t (I\u010cO), tudom\u00e1sul veszi, hogy \u00d6nre a jelen Felt\u00e9telek azon rendelkez\u00e9sei is alkalmazand\u00f3k, amelyek kifejezetten a V\u00e1llalkoz\u00f3kra vonatkoznak, valamint a k\u00f6zt\u00fcnk egyedileg meg\u00e1llap\u00edtott felt\u00e9telek, ugyanakkor a vonatkoz\u00f3 jogszab\u00e1lyok keretein bel\u00fcl tov\u00e1bbra is teljes v\u00e9delem illeti meg a tisztess\u00e9gtelen \u00e9s agressz\u00edv kereskedelmi gyakorlatokkal, valamint a megt\u00e9veszt\u0151 cselekm\u00e9nyekkel \u00e9s mulaszt\u00e1sokkal szemben;\n\n<strong>Szerz\u0151d\u00e9s<\/strong> az ad\u00e1sv\u00e9teli szerz\u0151d\u00e9s, amely a megfelel\u0151en kit\u00f6lt\u00f6tt \u00e9s az E-shopon kereszt\u00fcl elk\u00fcld\u00f6tt Megrendel\u00e9s alapj\u00e1n j\u00f6n l\u00e9tre, \u00e9s akkor tekintend\u0151 megk\u00f6t\u00f6ttnek, amikor a Megrendel\u00e9s visszaigazol\u00e1s\u00e1t megkapja t\u0151l\u00fcnk. Szerz\u0151d\u00e9snek min\u0151s\u00fcl tov\u00e1bb\u00e1 a digit\u00e1lis elemekkel rendelkez\u0151 dolog megv\u00e1s\u00e1rl\u00e1s\u00e1ra ir\u00e1nyul\u00f3 szerz\u0151d\u00e9s, valamint a digit\u00e1lis teljes\u00edt\u00e9s ny\u00fajt\u00e1s\u00e1ra ir\u00e1nyul\u00f3 szerz\u0151d\u00e9s is. Amennyiben a jelen Felt\u00e9telek egyes r\u00e9szei vagy pontjai k\u00fcl\u00f6n hivatkoznak a digit\u00e1lis elemekkel rendelkez\u0151 dolog ad\u00e1sv\u00e9teli szerz\u0151d\u00e9s\u00e9re vagy a digit\u00e1lis teljes\u00edt\u00e9s ny\u00fajt\u00e1s\u00e1ra ir\u00e1nyul\u00f3 szerz\u0151d\u00e9sre, az ilyen k\u00fcl\u00f6n rendelkez\u00e9sek kiz\u00e1r\u00f3lag az adott szerz\u0151d\u00e9st\u00edpus alapj\u00e1n ny\u00fajtott \u00c1rura \u00e9s\/vagy digit\u00e1lis teljes\u00edt\u00e9sre vonatkoznak.\n\n<strong>T\u00e1voll\u00e9v\u0151k k\u00f6z\u00f6tt k\u00f6t\u00f6tt szerz\u0151d\u00e9s<\/strong> olyan szerz\u0151d\u00e9s a keresked\u0151 \u00e9s a Fogyaszt\u00f3 k\u00f6z\u00f6tt, amely kiz\u00e1r\u00f3lag egy vagy t\u00f6bb t\u00e1vk\u00f6zl\u00e9si eszk\u00f6z \u00fatj\u00e1n, a keresked\u0151 \u00e9s a Fogyaszt\u00f3 egyidej\u0171 fizikai jelenl\u00e9te n\u00e9lk\u00fcl j\u00f6n l\u00e9tre, k\u00fcl\u00f6n\u00f6sen online fel\u00fclet, elektronikus lev\u00e9l, telefon, fax, c\u00edmzett lev\u00e9l vagy aj\u00e1nlati katal\u00f3gus felhaszn\u00e1l\u00e1s\u00e1val (\u201eSzerz\u0151d\u00e9s\u201c).\n\n<strong>Polg\u00e1ri T\u00f6rv\u00e9nyk\u00f6nyv<\/strong> a Szlov\u00e1k K\u00f6zt\u00e1rsas\u00e1g 40\/1964. sz. t\u00f6rv\u00e9nye a k\u00e9s\u0151bbi m\u00f3dos\u00edt\u00e1sokkal.\n\n<strong>Fogyaszt\u00f3v\u00e9delmi t\u00f6rv\u00e9ny<\/strong> a Szlov\u00e1k K\u00f6zt\u00e1rsas\u00e1g 108\/2024. sz. t\u00f6rv\u00e9nye a fogyaszt\u00f3v\u00e9delemr\u0151l \u00e9s egyes t\u00f6rv\u00e9nyek m\u00f3dos\u00edt\u00e1s\u00e1r\u00f3l.\n\n<strong>\u00c1ltal\u00e1nos rendelkez\u00e9sek \u00c9S T\u00c1J\u00c9KOZTAT\u00c1S<\/strong>\n\nAz \u00c1ru megv\u00e1s\u00e1rl\u00e1sa kiz\u00e1r\u00f3lag az E-shop webes fel\u00fclet\u00e9n kereszt\u00fcl lehets\u00e9ges.\n\nAz \u00c1ru v\u00e1s\u00e1rl\u00e1sakor k\u00f6teles minden inform\u00e1ci\u00f3t helyesen, teljes k\u00f6r\u0171en \u00e9s val\u00f3s\u00e1gnak megfelel\u0151en megadni. Az \u00d6n \u00e1ltal a megrendel\u00e9s sor\u00e1n megadott adatokat ez\u00e9rt helyesnek, teljesnek \u00e9s val\u00f3snak tekintj\u00fck.\n\n<strong>A szerz\u0151d\u00e9s megk\u00f6t\u00e9se<\/strong>\n\nA Szerz\u0151d\u00e9s vel\u00fcnk kiz\u00e1r\u00f3lag szlov\u00e1k nyelven k\u00f6thet\u0151 meg.\n\nA Szerz\u0151d\u00e9s t\u00e1voll\u00e9v\u0151k k\u00f6z\u00f6tt, az E-shopon kereszt\u00fcl j\u00f6n l\u00e9tre, mik\u00f6zben a t\u00e1vk\u00f6zl\u00e9si eszk\u00f6z\u00f6k haszn\u00e1lat\u00e1val kapcsolatos k\u00f6lts\u00e9geket \u00d6n viseli. Ezek a k\u00f6lts\u00e9gek nem n\u00f6velik az \u00c1ru Teljes \u00e1r\u00e1t, \u00e9s nem t\u00e9rnek el az alapd\u00edjt\u00f3l (k\u00fcl\u00f6n\u00f6sen az internet-hozz\u00e1f\u00e9r\u00e9s d\u00edj\u00e1t\u00f3l), \u00edgy a Teljes \u00e1ron fel\u00fcl semmilyen tov\u00e1bbi d\u00edjat nem sz\u00e1m\u00edtunk fel. A Megrendel\u00e9s elk\u00fcld\u00e9s\u00e9vel hozz\u00e1j\u00e1rul a t\u00e1vk\u00f6zl\u00e9si eszk\u00f6z\u00f6k haszn\u00e1lat\u00e1hoz.\n\nA Szerz\u0151d\u00e9s megk\u00f6t\u00e9s\u00e9hez sz\u00fcks\u00e9ges, hogy az E-shopban l\u00e9trehozza a Megrendel\u00e9s tervezet\u00e9t. A tervezetnek tartalmaznia kell a k\u00f6vetkez\u0151 adatokat:\n\nAz \u00c1ruval kapcsolatos inform\u00e1ci\u00f3k (az E-shopban a \u201eKos\u00e1rba\u201c gomb megnyom\u00e1s\u00e1val jel\u00f6li ki a megv\u00e1s\u00e1rolni k\u00edv\u00e1nt term\u00e9ket);\n\nAz \u00c1rra, Sz\u00e1ll\u00edt\u00e1si d\u00edjra, \u00c1FA-ra, a Teljes \u00e1r fizet\u00e9si m\u00f3dj\u00e1ra \u00e9s a v\u00e1lasztott sz\u00e1ll\u00edt\u00e1si m\u00f3dra vonatkoz\u00f3 inform\u00e1ci\u00f3k; ezek az E-shop felhaszn\u00e1l\u00f3i fel\u00fclet\u00e9n ker\u00fclnek megad\u00e1sra, m\u00edg az \u00c1rra, Sz\u00e1ll\u00edt\u00e1si d\u00edjra, \u00c1FA-ra \u00e9s Teljes \u00e1rra vonatkoz\u00f3 adatokat automatikusan mi t\u00fcntetj\u00fck fel az \u00d6n \u00e1ltal kiv\u00e1lasztott \u00c1ru \u00e9s sz\u00e1ll\u00edt\u00e1si m\u00f3d alapj\u00e1n;\n\nAz \u00d6n azonos\u00edt\u00f3 adatai a k\u00e9zbes\u00edt\u00e9shez, k\u00fcl\u00f6n\u00f6sen n\u00e9v, vezet\u00e9kn\u00e9v, sz\u00e1ll\u00edt\u00e1si c\u00edm, telefonsz\u00e1m \u00e9s e-mail c\u00edm;\n\nOlyan szerz\u0151d\u00e9s eset\u00e9n, amely alapj\u00e1n az \u00c1rut rendszeresen \u00e9s ism\u00e9tl\u0151d\u0151en sz\u00e1ll\u00edtjuk, az id\u0151tartam megjel\u00f6l\u00e9se, ameddig az \u00c1rut sz\u00e1ll\u00edtani fogjuk.\n\nA Megrendel\u00e9s l\u00e9trehoz\u00e1sa sor\u00e1n az adatokat annak v\u00e9gleges\u00edt\u00e9se el\u0151tt b\u00e1rmikor m\u00f3dos\u00edthatja \u00e9s ellen\u0151rizheti.\n\nAz ellen\u0151rz\u00e9st k\u00f6vet\u0151en a \u201eMegrendel\u00e9s fizet\u00e9si k\u00f6telezetts\u00e9ggel\u201c gomb megnyom\u00e1s\u00e1val hozza l\u00e9tre a Megrendel\u00e9st. A gomb megnyom\u00e1sa el\u0151tt azonban meg kell er\u0151s\u00edtenie, hogy a Felt\u00e9teleket megismerte \u00e9s elfogadja; ennek hi\u00e1ny\u00e1ban a Megrendel\u00e9s nem hozhat\u00f3 l\u00e9tre. A meger\u0151s\u00edt\u00e9s jel\u00f6l\u0151n\u00e9gyzettel t\u00f6rt\u00e9nik. A gomb megnyom\u00e1sa ut\u00e1n minden megadott adat k\u00f6zvetlen\u00fcl hozz\u00e1nk ker\u00fcl elk\u00fcld\u00e9sre.\n\nA Megrendel\u00e9st a lehet\u0151 legr\u00f6videbb id\u0151n bel\u00fcl visszaigazoljuk az \u00d6n \u00e1ltal megadott e-mail c\u00edmre k\u00fcld\u00f6tt \u00fczenetben. A visszaigazol\u00e1s tartalmazza a Megrendel\u00e9s \u00f6sszefoglal\u00e1s\u00e1t \u00e9s jelen Felt\u00e9teleket. A visszaigazol\u00e1ssal l\u00e9trej\u00f6n a Szerz\u0151d\u00e9s k\u00f6z\u00f6tt\u00fcnk. A Felt\u00e9telek a megrendel\u00e9s napj\u00e1n hat\u00e1lyos v\u00e1ltozatban a Szerz\u0151d\u00e9s elv\u00e1laszthatatlan r\u00e9sz\u00e9t k\u00e9pezik.\n\nEl\u0151fordulhatnak olyan esetek, amikor nem tudjuk a Megrendel\u00e9st visszaigazolni, k\u00fcl\u00f6n\u00f6sen ha az \u00c1ru nem el\u00e9rhet\u0151 vagy ha a megrendelt mennyis\u00e9g meghaladja az \u00e1ltalunk enged\u00e9lyezett darabsz\u00e1mot. A maxim\u00e1lis darabsz\u00e1mr\u00f3l azonban mindig el\u0151zetesen t\u00e1j\u00e9koztatjuk az E-shopban. Ilyen esetben felvessz\u00fck \u00d6nnel a kapcsolatot, \u00e9s m\u00f3dos\u00edtott aj\u00e1nlatot k\u00fcld\u00fcnk. A Szerz\u0151d\u00e9s ebben az esetben akkor j\u00f6n l\u00e9tre, amikor \u00d6n az aj\u00e1nlatunkat elfogadja.\n\nHa az E-shopban vagy a Megrendel\u00e9s tervezet\u00e9ben nyilv\u00e1nval\u00f3an hib\u00e1s \u00c1r szerepel, k\u00fcl\u00f6n\u00f6sen technikai hiba miatt, nem vagyunk k\u00f6telesek az \u00c1rut ezen az \u00e1ron sz\u00e1ll\u00edtani, m\u00e9g akkor sem, ha a Megrendel\u00e9st visszaigazoltuk. Ilyen esetben halad\u00e9ktalanul kapcsolatba l\u00e9p\u00fcnk \u00d6nnel, \u00e9s jogosultak vagyunk el\u00e1llni a Szerz\u0151d\u00e9st\u0151l, mik\u00f6zben \u00faj aj\u00e1nlatot tesz\u00fcnk. Ha az aj\u00e1nlatunkat 3 napon bel\u00fcl nem fogadja el, jogosultak vagyunk a Szerz\u0151d\u00e9st\u0151l el\u00e1llni. Nyilv\u00e1nval\u00f3 \u00e1rhiba p\u00e9ld\u00e1ul, ha az \u00e1r jelent\u0151sen elt\u00e9r a piaci \u00e1rt\u00f3l, vagy sz\u00e1mjegy hi\u00e1nyzik illetve feleslegesen szerepel.\n\nA Szerz\u0151d\u00e9s megk\u00f6t\u00e9s\u00e9vel \u00d6n k\u00f6teles a Teljes \u00e1rat megfizetni.\n\nHa rendelkezik Felhaszn\u00e1l\u00f3i fi\u00f3kkal, a Megrendel\u00e9st azon kereszt\u00fcl is leadhatja. Ebben az esetben is k\u00f6teles ellen\u0151rizni az el\u0151re kit\u00f6lt\u00f6tt adatok helyess\u00e9g\u00e9t \u00e9s teljess\u00e9g\u00e9t. Az elj\u00e1r\u00e1s azonos, el\u0151nye, hogy nem kell ism\u00e9telten megadni az adatokat.\n\nBizonyos esetekben kedvezm\u00e9nyt biztos\u00edtunk. A kedvezm\u00e9ny \u00e9rv\u00e9nyes\u00edt\u00e9s\u00e9hez a Megrendel\u00e9s sor\u00e1n meg kell adnia a kedvezm\u00e9ny adatait a kijel\u00f6lt mez\u0151ben.\n\n<strong>Felhaszn\u00e1l\u00f3i fi\u00f3k<\/strong>\n\nAz E-shopban t\u00f6rt\u00e9n\u0151 regisztr\u00e1ci\u00f3 alapj\u00e1n hozz\u00e1f\u00e9rhet Felhaszn\u00e1l\u00f3i fi\u00f3kj\u00e1hoz.\n\nA regisztr\u00e1ci\u00f3 sor\u00e1n k\u00f6teles val\u00f3s \u00e9s helyes adatokat megadni, \u00e9s azokat v\u00e1ltoz\u00e1s eset\u00e9n friss\u00edteni.\n\nA fi\u00f3khoz val\u00f3 hozz\u00e1f\u00e9r\u00e9s felhaszn\u00e1l\u00f3n\u00e9vvel \u00e9s jelsz\u00f3val t\u00f6rt\u00e9nik. Ezeket bizalmasan kell kezelnie. Az adatokkal val\u00f3 vissza\u00e9l\u00e9s\u00e9rt nem v\u00e1llalunk felel\u0151ss\u00e9get.\n\nA fi\u00f3k szem\u00e9lyes, harmadik szem\u00e9ly sz\u00e1m\u00e1ra nem adhat\u00f3 \u00e1t.\n\nA fi\u00f3kot t\u00f6r\u00f6lhetj\u00fck, k\u00fcl\u00f6n\u00f6sen ha azt t\u00f6bb mint <strong>5 \u00e9vig<\/strong> nem haszn\u00e1lja, vagy ha megs\u00e9rti a Szerz\u0151d\u00e9st.\n\nA fi\u00f3k nem felt\u00e9tlen\u00fcl el\u00e9rhet\u0151 folyamatosan, k\u00fcl\u00f6n\u00f6sen karbantart\u00e1s eset\u00e9n.\n\n<strong>\u00c1r- \u00e9s fizet\u00e9si felt\u00e9telek, tulajdonjog fenntart\u00e1sa<\/strong>\n\nAz \u00c1r mindig az E-shopban, a Megrendel\u00e9sben \u00e9s a Szerz\u0151d\u00e9sben ker\u00fcl felt\u00fcntet\u00e9sre. Elt\u00e9r\u00e9s eset\u00e9n a Megrendel\u00e9sben szerepl\u0151 \u00c1r az ir\u00e1nyad\u00f3. A sz\u00e1ll\u00edt\u00e1si d\u00edj is itt ker\u00fcl felt\u00fcntet\u00e9sre.\n\nA Teljes \u00e1r tartalmazza az \u00c1F\u00c1-t \u00e9s minden k\u00f6telez\u0151 d\u00edjat.\n\nA fizet\u00e9s a Szerz\u0151d\u00e9s megk\u00f6t\u00e9se ut\u00e1n, az \u00c1ru \u00e1tad\u00e1sa el\u0151tt t\u00f6rt\u00e9nik. Fizet\u00e9si m\u00f3d: bankk\u00e1rtya.\n\nOnline k\u00e1rty\u00e1s fizet\u00e9s eset\u00e9n a fizet\u00e9s a <strong>24pay.sk<\/strong> rendszeren kereszt\u00fcl t\u00f6rt\u00e9nik (https:\/\/24-pay.sk\/\n), \u00e9s azonnal esed\u00e9kes.\n\nA Sz\u00e1mla elektronikus form\u00e1ban ker\u00fcl ki\u00e1ll\u00edt\u00e1sra \u00e9s e-mailben ker\u00fcl elk\u00fcld\u00e9sre, illetve el\u00e9rhet\u0151 a Felhaszn\u00e1l\u00f3i fi\u00f3kban.\n\nA tulajdonjog az \u00c1ru \u00e1tv\u00e9tele \u00e9s a teljes fizet\u00e9s ut\u00e1n sz\u00e1ll \u00e1t \u00d6nre.\n\n<strong>Sz\u00e1ll\u00edt\u00e1s, kock\u00e1zat \u00e1tsz\u00e1ll\u00e1sa<\/strong>\n\nSz\u00e1ll\u00edt\u00e1si m\u00f3dok:\n\nSzem\u00e9lyes \u00e1tv\u00e9tel Packeta pontokon; fut\u00e1rral t\u00f6rt\u00e9n\u0151 h\u00e1zhoz sz\u00e1ll\u00edt\u00e1s;\n\nSz\u00e1ll\u00edt\u00e1s a Packeta \u00e1ltal.\n\nSz\u00e1ll\u00edt\u00e1s csak EU + UK ter\u00fclet\u00e9re.\n\nAz \u00c1rut legk\u00e9s\u0151bb 30 napon bel\u00fcl sz\u00e1ll\u00edtjuk. Az \u00c1ru akkor tekinthet\u0151 \u00e1tadottnak, amikor \u00d6n vagy megb\u00edzottja \u00e1tveszi, vagy amikor azt az \u00d6n \u00e1ltal v\u00e1lasztott sz\u00e1ll\u00edt\u00f3nak \u00e1tadjuk.\n\nDigit\u00e1lis term\u00e9k eset\u00e9n az \u00e1tad\u00e1s a hozz\u00e1f\u00e9r\u00e9s biztos\u00edt\u00e1s\u00e1val t\u00f6rt\u00e9nik.\n\nK\u00e9sedelem eset\u00e9n e-mailben \u00e9rtes\u00edtj\u00fck, \u00e9s joga van el\u00e1llni.\n\nSzem\u00e9lyes \u00e1tv\u00e9tel eset\u00e9n \u00e9rtes\u00edt\u00e9st k\u00fcld\u00fcnk az \u00e1tv\u00e9tel lehet\u0151s\u00e9g\u00e9r\u0151l az info@royalpeptides.eu\n c\u00edmen.\n\nAz \u00c1ru fuvaroz\u00f3t\u00f3l t\u00f6rt\u00e9n\u0151 \u00e1tv\u00e9telekor k\u00f6teles ellen\u0151rizni az \u00c1ru csomagol\u00e1s\u00e1nak s\u00e9rtetlens\u00e9g\u00e9t, \u00e9s b\u00e1rmilyen s\u00e9r\u00fcl\u00e9s eset\u00e9n ezt a t\u00e9nyt halad\u00e9ktalanul jelezni a fuvaroz\u00f3nak \u00e9s nek\u00fcnk. Ha a csomagol\u00e1s olyan m\u00f3don s\u00e9r\u00fclt, amely illet\u00e9ktelen beavatkoz\u00e1sra vagy a k\u00fcldem\u00e9ny felnyit\u00e1s\u00e1ra utal, nem k\u00f6teles az \u00c1rut a fuvaroz\u00f3t\u00f3l \u00e1tvenni.\nK\u00f6teles az \u00c1rut a meg\u00e1llapodott helyen \u00e9s id\u0151ben \u00e1tvenni. Ha a k\u00e9zbes\u00edtett \u00c1rut az el\u0151z\u0151 mondat szerint nem veszi \u00e1t, e-mailben t\u00e1j\u00e9koztatjuk \u00d6nt arr\u00f3l, hogy hol veheti \u00e1t az \u00c1rut, bele\u00e9rtve az \u00e1tv\u00e9tel hat\u00e1ridej\u00e9t is, vagy az \u00d6n \u00edr\u00e1sbeli k\u00e9relme alapj\u00e1n, amelyet legk\u00e9s\u0151bb att\u00f3l a napt\u00f3l sz\u00e1m\u00edtott 14 napon bel\u00fcl kell elk\u00fcldenie, amikor az \u00c1rut \u00e1t kellett volna vennie, az \u00c1rut ism\u00e9telten k\u00e9zbes\u00edtj\u00fck \u00d6nnek, mik\u00f6zben \u00d6n v\u00e1llalja, hogy megt\u00e9r\u00edti nek\u00fcnk az ism\u00e9telt k\u00e9zbes\u00edt\u00e9ssel kapcsolatos valamennyi k\u00f6lts\u00e9get. Ha megs\u00e9rti az \u00c1ru \u00e1tv\u00e9tel\u00e9re vonatkoz\u00f3 k\u00f6telezetts\u00e9g\u00e9t, a jelen Felt\u00e9telek 6.4. pontj\u00e1ban foglalt esetek kiv\u00e9tel\u00e9vel ez nem jelenti a mi sz\u00e1ll\u00edt\u00e1si k\u00f6telezetts\u00e9g\u00fcnk megszeg\u00e9s\u00e9t. Ugyanakkor az, hogy \u00d6n nem veszi \u00e1t az \u00c1rut, nem szolg\u00e1l alapul a Szerz\u0151d\u00e9st\u0151l val\u00f3 el\u00e1ll\u00e1sra sem. Ha az \u00c1rut a p\u00f3that\u00e1rid\u0151n bel\u00fcl sem veszi \u00e1t, jogunk keletkezik a Szerz\u0151d\u00e9st\u0151l el\u00e1llni az \u00d6n s\u00falyos szerz\u0151d\u00e9sszeg\u00e9se miatt. Ha e jogunkat gyakoroljuk, az el\u00e1ll\u00e1s azon a napon v\u00e1lik hat\u00e1lyoss\u00e1, amikor azt \u00d6nnek k\u00e9zbes\u00edtj\u00fck. A Szerz\u0151d\u00e9st\u0151l val\u00f3 el\u00e1ll\u00e1s nem \u00e9rinti a k\u00e1rt\u00e9r\u00edt\u00e9s ir\u00e1nti ig\u00e9ny\u00fcnket a k\u00e9zbes\u00edt\u00e9s megk\u00eds\u00e9rl\u00e9s\u00e9vel kapcsolatban felmer\u00fclt t\u00e9nyleges k\u00f6lts\u00e9gek erej\u00e9ig, illetve egy\u00e9b k\u00e1rt\u00e9r\u00edt\u00e9si ig\u00e9ny\u00fcnket sem, ha ilyen felmer\u00fcl.\nHa az \u00d6n oldal\u00e1n felmer\u00fclt okok miatt az \u00c1rut ism\u00e9telten vagy a Szerz\u0151d\u00e9sben meghat\u00e1rozott\u00f3l elt\u00e9r\u0151 m\u00f3don kell k\u00e9zbes\u00edteni, k\u00f6teles megt\u00e9r\u00edteni nek\u00fcnk az ezzel kapcsolatos k\u00f6lts\u00e9geket. Az ezen k\u00f6lts\u00e9gek megfizet\u00e9s\u00e9hez sz\u00fcks\u00e9ges adatokat a Szerz\u0151d\u00e9sben megadott e-mail c\u00edm\u00e9re k\u00fcldj\u00fck meg, \u00e9s azok az e-mail k\u00e9zbes\u00edt\u00e9s\u00e9t\u0151l sz\u00e1m\u00edtott 14 napon bel\u00fcl esed\u00e9kesek.\nAz \u00c1ru v\u00e9letlen megsemmis\u00fcl\u00e9s\u00e9nek, v\u00e9letlen roml\u00e1s\u00e1nak \u00e9s elveszt\u00e9s\u00e9nek kock\u00e1zata az \u00c1ru \u00e1tad\u00e1s\u00e1nak pillanat\u00e1ban sz\u00e1ll \u00e1t \u00d6nre. Ha az \u00c1rut nem veszi \u00e1t vagy annak \u00e1tv\u00e9tel\u00e9t megtagadja, a jelen Felt\u00e9telek 4. pontj\u00e1ban foglalt esetek kiv\u00e9tel\u00e9vel, a kock\u00e1zat abban a pillanatban sz\u00e1ll \u00e1t \u00d6nre, amikor lehet\u0151s\u00e9ge lett volna az \u00c1ru \u00e1tv\u00e9tel\u00e9re, de az az \u00d6n oldal\u00e1n felmer\u00fclt okokb\u00f3l nem t\u00f6rt\u00e9nt meg. Ett\u0151l az id\u0151pontt\u00f3l \u00d6n viseli az \u00c1ru elveszt\u00e9s\u00e9vel, megsemmis\u00fcl\u00e9s\u00e9vel, k\u00e1rosod\u00e1s\u00e1val vagy b\u00e1rmilyen \u00e9rt\u00e9kcs\u00f6kken\u00e9s\u00e9vel kapcsolatos minden k\u00f6vetkezm\u00e9nyt.\n<strong>kell\u00e9kszavatoss\u00e1gi jogok<\/strong>\n<strong>Bevezet\u0151 rendelkez\u00e9s a hib\u00e1k\u00e9rt val\u00f3 felel\u0151ss\u00e9gr\u0151l<\/strong>\nAmennyiben \u00d6n V\u00e1llalkoz\u00f3, k\u00f6telezetts\u00e9get v\u00e1llalunk arra, hogy az \u00c1rut a meg\u00e1llapodott min\u0151s\u00e9gben, mennyis\u00e9gben \u00e9s hibamentesen sz\u00e1ll\u00edtjuk.\nAmennyiben \u00d6n Fogyaszt\u00f3, k\u00f6telezetts\u00e9get v\u00e1llalunk arra, hogy az \u00c1rut a Polg\u00e1ri T\u00f6rv\u00e9nyk\u00f6nyv 617. \u00a7-a szerinti \u00e1ltal\u00e1nos k\u00f6vetelm\u00e9nyeknek, valamint a 616. \u00a7 szerinti meg\u00e1llapodott k\u00f6vetelm\u00e9nyeknek megfelel\u0151en, az E-shopban vagy prom\u00f3ci\u00f3s anyagainkban bemutatott tulajdons\u00e1gokkal \u00e9s hibamentesen sz\u00e1ll\u00edtjuk. Az \u00c1ru nem k\u00f6teles megfelelni az \u00e1ltal\u00e1nos k\u00f6vetelm\u00e9nyeknek, ha a Szerz\u0151d\u00e9s megk\u00f6t\u00e9sekor err\u0151l \u00d6nt kifejezetten t\u00e1j\u00e9koztattuk, \u00e9s \u00d6n ehhez k\u00fcl\u00f6n \u00e9s kifejezetten hozz\u00e1j\u00e1rult.\nAz \u00c1ru megfelel az \u00e1ltal\u00e1nos k\u00f6vetelm\u00e9nyeknek, ha:\nalkalmas minden olyan c\u00e9lra, amelyre az azonos t\u00edpus\u00fa \u00e1rukat \u00e1ltal\u00e1ban haszn\u00e1lj\u00e1k, k\u00fcl\u00f6n\u00f6s tekintettel a jogszab\u00e1lyokra, m\u0171szaki szabv\u00e1nyokra vagy magatart\u00e1si k\u00f3dexekre;\nmegfelel a mint\u00e1nak vagy modellnek, amelyet a szerz\u0151d\u00e9sk\u00f6t\u00e9s el\u0151tt bemutattunk;\ntartoz\u00e9kaival, csomagol\u00e1s\u00e1val \u00e9s haszn\u00e1lati utas\u00edt\u00e1saival, bele\u00e9rtve az \u00f6sszeszerel\u00e9si \u00fatmutat\u00f3t is, ker\u00fcl \u00e1tad\u00e1sra;\n<ol start=\"7\">\n \t<li>d) a szok\u00e1sos mennyis\u00e9gben, min\u0151s\u00e9gben \u00e9s tulajdons\u00e1gokkal ker\u00fcl \u00e1tad\u00e1sra, bele\u00e9rtve a funkcionalit\u00e1st, kompatibilit\u00e1st, biztons\u00e1got \u00e9s \u00e9lettartamot, figyelembe v\u00e9ve a term\u00e9k jelleg\u00e9t \u00e9s a nyilv\u00e1nos nyilatkozatokat, k\u00fcl\u00f6n\u00f6sen a rekl\u00e1mban vagy jel\u00f6l\u00e9sben. A gy\u00e1rt\u00f3nak min\u0151s\u00fcl a gy\u00e1rt\u00f3, import\u0151r vagy az a szem\u00e9ly, aki saj\u00e1t n\u00e9vvel vagy m\u00e1rkajellel l\u00e1tja el a term\u00e9ket. A hib\u00e1k\u00e9rt az \u00e1tad\u00e1skor fenn\u00e1ll\u00f3 \u00e1llapot szerint felel\u00fcnk.<\/li>\n<\/ol>\nHa \u00d6n V\u00e1llalkoz\u00f3, nem v\u00e1llalunk felel\u0151ss\u00e9get:\nha a hib\u00e1kr\u00f3l tudott vagy tudnia kellett;\nha a hib\u00e1k az \u00e1tv\u00e9tel ut\u00e1n keletkeztek;\nha a nyilv\u00e1nval\u00f3 hib\u00e1kat nem jelezte id\u0151ben;\nha a rejtett hib\u00e1kat nem jelezte id\u0151ben;\nhaszn\u00e1lt term\u00e9k eset\u00e9n az elhaszn\u00e1l\u00f3d\u00e1sb\u00f3l ered\u0151 hib\u00e1k\u00e9rt.\nHa \u00d6n Fogyaszt\u00f3, nem v\u00e1llalunk felel\u0151ss\u00e9get:\nha a hib\u00e1t nem jelentette be id\u0151ben;\nha elt\u00e9r\u00e9sr\u0151l el\u0151re t\u00e1j\u00e9koztattuk \u00e9s \u00d6n elfogadta;\ndigit\u00e1lis term\u00e9k eset\u00e9n, ha hib\u00e1t a friss\u00edt\u00e9sek hi\u00e1nya okozta;\nha a hiba nem a mi \u00fatmutat\u00f3nk hib\u00e1j\u00e1b\u00f3l keletkezett.\nA j\u00f3t\u00e1ll\u00e1si id\u0151 24 h\u00f3nap, amely az \u00e1tv\u00e9tel napj\u00e1t\u00f3l kezd\u0151dik.\nCsere eset\u00e9n \u00fajraindul.\nA jogok megsz\u0171nnek, ha nem \u00e9l vel\u00fck id\u0151ben.\nRomland\u00f3 term\u00e9kn\u00e9l m\u00e1snapig kell reklam\u00e1lni.\nA term\u00e9k hib\u00e1s, ha nem felel meg a k\u00f6vetelm\u00e9nyeknek vagy harmadik f\u00e9l jogai korl\u00e1tozz\u00e1k.\nGarant\u00e1ljuk, hogy \u00e1tad\u00e1skor:\nmegfelel a le\u00edr\u00e1snak;\nalkalmas rendeltet\u00e9sszer\u0171 haszn\u00e1latra;\nkompatibilis;\ntartalmaz minden tartoz\u00e9kot;\nmegkapja a friss\u00edt\u00e9seket.\n<strong>Reklam\u00e1ci\u00f3 felt\u00e9telei v\u00e1llalkoz\u00f3k r\u00e9sz\u00e9re<\/strong>\nA hib\u00e1t k\u00e9sedelem n\u00e9lk\u00fcl, de legk\u00e9s\u0151bb 3 napon bel\u00fcl kell bejelenteni.\n\nA rejtett hib\u00e1kb\u00f3l ered\u0151 ig\u00e9nyeket k\u00f6teles a hiba felfedez\u00e9s\u00e9t k\u00f6vet\u0151en indokolatlan k\u00e9sedelem n\u00e9lk\u00fcl, legk\u00e9s\u0151bb azonban a j\u00f3t\u00e1ll\u00e1si id\u0151 lej\u00e1rt\u00e1ig a lent, a 7.5.1. pontban meghat\u00e1rozott m\u00f3don \u00e9rv\u00e9nyes\u00edteni.\n\nHa az \u00c1rut s\u00e9r\u00fclt vagy megbontott csomagol\u00e1sban kapja meg, vagy a k\u00fcldem\u00e9ny szemmel l\u00e1that\u00f3an t\u00fal k\u00f6nny\u0171, k\u00e9rj\u00fck, hogy az ilyen \u00c1rut ne vegye \u00e1t a fut\u00e1rt\u00f3l, \u00e9s ezt a t\u00e9nyt halad\u00e9ktalanul jelezze nek\u00fcnk az <strong>info@royalpeptides.eu\n<\/strong> e-mail c\u00edmen. Nyilv\u00e1nval\u00f3 hib\u00e1k (pl. mechanikai s\u00e9r\u00fcl\u00e9s) eset\u00e9n k\u00f6teles a reklam\u00e1ci\u00f3t halad\u00e9ktalanul \u00e9rv\u00e9nyes\u00edteni a 7.5.1. pont szerint. A k\u00e9s\u0151bb bejelentett reklam\u00e1ci\u00f3kat nyilv\u00e1nval\u00f3 hib\u00e1k eset\u00e9n \u2013 bele\u00e9rtve a hi\u00e1nyos sz\u00e1ll\u00edt\u00e1st is \u2013 nem vessz\u00fck figyelembe.\n\nA j\u00f3t\u00e1ll\u00e1s minden, a 7.2. pontban meghat\u00e1rozott hib\u00e1ra, illetve a 7.1.1a. pont szerinti k\u00f6telezetts\u00e9geink megs\u00e9rt\u00e9s\u00e9re vonatkozik.\n\nNem jogosult szavatoss\u00e1gi ig\u00e9nyt \u00e9rv\u00e9nyes\u00edteni, ha a hib\u00e1\u00e9rt nem felel\u00fcnk a jelen Felt\u00e9telek 7.1.5. pontja szerint, vagy a Szerz\u0151d\u00e9s megk\u00f6t\u00e9sekor hat\u00e1lyos jogszab\u00e1lyok alapj\u00e1n, illetve ha a hib\u00e1r\u00f3l m\u00e1r az \u00e1tv\u00e9tel el\u0151tt tudott, vagy arra felh\u00edvtuk a figyelm\u00e9t, illetve emiatt \u00e1rkedvezm\u00e9nyt kapott.\n\n<strong>A szavatoss\u00e1gi jogok \u00e9rv\u00e9nyes\u00edt\u00e9s\u00e9nek felt\u00e9telei Fogyaszt\u00f3k r\u00e9sz\u00e9re<\/strong>\n\nJogosult a hib\u00e1kb\u00f3l ered\u0151 jogait az \u00e1tvett \u00c1run jelentkez\u0151 hiba felfedez\u00e9s\u00e9t\u0151l sz\u00e1m\u00edtott 2 h\u00f3napon bel\u00fcl, de legk\u00e9s\u0151bb az \u00c1ru \u00e1tv\u00e9tel\u00e9t\u0151l sz\u00e1m\u00edtott 24 h\u00f3napon bel\u00fcl \u00e9rv\u00e9nyes\u00edteni. Ha a v\u00e1s\u00e1rl\u00e1s t\u00e1rgya digit\u00e1lis elemekkel rendelkez\u0151 \u00c1ru, amelyn\u00e9l a digit\u00e1lis tartalom vagy szolg\u00e1ltat\u00e1s folyamatosan ker\u00fcl biztos\u00edt\u00e1sra, akkor minden, a teljes id\u0151tartam alatt jelentkez\u0151 hib\u00e1\u00e9rt felel\u00fcnk, legal\u00e1bb 2 \u00e9ven kereszt\u00fcl.\n\nHa az \u00c1rut s\u00e9r\u00fclt csomagol\u00e1sban kapja meg, javasoljuk, hogy ne vegye \u00e1t, \u00e9s jelezze ezt a +421 917 160 318 telefonsz\u00e1mon vagy az <strong>info@royalpeptides.eu\n<\/strong> e-mail c\u00edmen. Ha m\u00e9gis \u00e1tveszi, ellen\u0151rizze a fut\u00e1r jelenl\u00e9t\u00e9ben a csomagot. Ha elt\u00e9r\u00e9st tal\u00e1l, javasoljuk jegyz\u0151k\u00f6nyv felv\u00e9tel\u00e9t.\n\nHa az \u00e1tv\u00e9tel ut\u00e1n der\u00fcl ki nyilv\u00e1nval\u00f3 hiba (pl. s\u00e9r\u00fcl\u00e9s, hi\u00e1nyz\u00f3 vagy hib\u00e1s term\u00e9k), k\u00e9rj\u00fck, halad\u00e9ktalanul reklam\u00e1ljon a 7.5.1. pont szerint. A k\u00e9s\u0151n bejelentett reklam\u00e1ci\u00f3t elutas\u00edthatjuk.\n\nNem jogosult reklam\u00e1ci\u00f3ra, ha a hib\u00e1\u00e9rt nem felel\u00fcnk a 7.1.6. pont szerint vagy a hat\u00e1lyos jog alapj\u00e1n.\n\nA szavatoss\u00e1gi jogait a 7.5.1. pont szerint \u00e9s a 7.4.1. pontban megadott hat\u00e1rid\u0151ben \u00e9rv\u00e9nyes\u00edtheti.\n\n<strong>Reklam\u00e1ci\u00f3 beny\u00fajt\u00e1sa<\/strong>\n\nHa az \u00c1ru hib\u00e1s, a hib\u00e1t bejelentheti e-mailben, lev\u00e9lben vagy szem\u00e9lyesen az el\u00e9rhet\u0151s\u00e9geinken. Haszn\u00e1lhatja az 1. mell\u00e9klet szerinti formanyomtatv\u00e1nyt is.\n\nA bejelent\u00e9sben adja meg a hiba le\u00edr\u00e1s\u00e1t, azonos\u00edt\u00f3 adatait \u00e9s e-mail c\u00edm\u00e9t, valamint hogy mely ig\u00e9nyt k\u00edv\u00e1nja \u00e9rv\u00e9nyes\u00edteni.\n\nA reklam\u00e1ci\u00f3hoz csatolnia kell a v\u00e1s\u00e1rl\u00e1si bizonylatot (sz\u00e1ml\u00e1t), k\u00fcl\u00f6nben nem k\u00f6telesek vagyunk azt elfogadni.\n\nA reklam\u00e1ci\u00f3 beny\u00fajt\u00e1s\u00e1nak napja az, amikor a hib\u00e1s \u00c1ru \u00e9s a sz\u00fcks\u00e9ges dokumentumok meg\u00e9rkeznek hozz\u00e1nk. Hi\u00e1nyos bejelent\u00e9s eset\u00e9n kieg\u00e9sz\u00edt\u00e9st k\u00e9r\u00fcnk, \u00e9s az elj\u00e1r\u00e1s csak a kieg\u00e9sz\u00edt\u00e9s be\u00e9rkez\u00e9sekor indul.\n\nA reklam\u00e1ci\u00f3 be\u00e9rkez\u00e9sekor halad\u00e9ktalanul visszaigazol\u00e1st k\u00fcld\u00fcnk, amely tartalmazza a hiba kijav\u00edt\u00e1s\u00e1nak hat\u00e1ridej\u00e9t.\n\nHa a kieg\u00e9sz\u00edt\u00e9st nem k\u00fcldi meg 10 napon bel\u00fcl, a bejelent\u00e9st megalapozatlannak tekinthetj\u00fck, \u00e9s nem foglalkozunk vele.\n\n<strong>A reklam\u00e1ci\u00f3 elb\u00edr\u00e1l\u00e1sa<\/strong>\n\nAz \u00d6n \u00e1ltal v\u00e1lasztott ig\u00e9ny alapj\u00e1n a hib\u00e1t \u00e9sszer\u0171 hat\u00e1rid\u0151n bel\u00fcl, legfeljebb 30 napon bel\u00fcl kijav\u00edtjuk vagy az \u00c1rut kicser\u00e9lj\u00fck.\n\nFenntartjuk a jogot, hogy az \u00d6n \u00e1ltal v\u00e1lasztott megold\u00e1st ne fogadjuk el, ha az nem lehets\u00e9ges vagy ar\u00e1nytalan k\u00f6lts\u00e9ggel j\u00e1rna.\n\nKiv\u00e9teles esetben a hat\u00e1rid\u0151t meghosszabb\u00edthatjuk, err\u0151l \u00edr\u00e1sban t\u00e1j\u00e9koztatjuk.\n\nHa olyan hib\u00e1r\u00f3l van sz\u00f3, amely jav\u00edt\u00e1ssal megsz\u00fcntethet\u0151, \u00d6n jogosult arra, hogy a hib\u00e1t t\u00e9r\u00edt\u00e9smentesen, id\u0151ben \u00e9s megfelel\u0151en, a mi k\u00f6lts\u00e9g\u00fcnkre kijav\u00edttassa.\n\nA hiba jav\u00edt\u00e1ssal t\u00f6rt\u00e9n\u0151 elh\u00e1r\u00edt\u00e1sa helyett k\u00e9rheti az \u00c1ru cser\u00e9j\u00e9t.\n\nA hiba jav\u00edt\u00e1ssal t\u00f6rt\u00e9n\u0151 elh\u00e1r\u00edt\u00e1sa helyett a hib\u00e1s \u00c1rut minden esetben kicser\u00e9lhetj\u00fck hib\u00e1tlan \u00c1rura, amennyiben ez \u00d6nnek nem okoz s\u00falyos neh\u00e9zs\u00e9get.\n\nA hiba kijav\u00edt\u00e1s\u00e1ra meghat\u00e1rozott hat\u00e1rid\u0151 lej\u00e1rt\u00e1t k\u00f6vet\u0151en \u00d6n jogosult az \u00c1ru \u00e1r\u00e1b\u00f3l megfelel\u0151 \u00e1rengedm\u00e9nyre, vagy el\u00e1llhat a Szerz\u0151d\u00e9st\u0151l. Ugyanezek a jogok \u00d6nt abban az esetben is megilletik, ha a hib\u00e1t nem jav\u00edtjuk ki, vagy az \u00c1rut nem cser\u00e9lj\u00fck ki, illetve ha a jav\u00edt\u00e1st vagy cser\u00e9t megtagadjuk arra hivatkozva, hogy sem a jav\u00edt\u00e1s, sem a csere nem lehets\u00e9ges, vagy ar\u00e1nytalan k\u00f6lts\u00e9gekkel j\u00e1rna, tov\u00e1bb\u00e1 ha az \u00c1run a jav\u00edt\u00e1s vagy csere ellen\u00e9re tov\u00e1bbra is ugyanaz a hiba \u00e1ll fenn, vagy t\u00e1j\u00e9koztatjuk \u00d6nt arr\u00f3l, hogy a hib\u00e1t nem lehet \u00e9sszer\u0171 hat\u00e1rid\u0151n bel\u00fcl vagy \u00d6nnek jelent\u0151s kellemetlens\u00e9g okoz\u00e1sa n\u00e9lk\u00fcl kijav\u00edtani, illetve az \u00c1rut kicser\u00e9lni. A v\u00e9tel\u00e1rb\u00f3l adott \u00e1rengedm\u00e9nynek ar\u00e1nyosnak kell lennie az eladott \u00c1ru \u00e9rt\u00e9ke \u00e9s az az \u00e9rt\u00e9k k\u00f6z\u00f6tti k\u00fcl\u00f6nbs\u00e9ggel, amelyet az \u00c1ru hib\u00e1tlan \u00e1llapotban k\u00e9pviselne. A v\u00e9tel\u00e1rat vagy a v\u00e9tel\u00e1rb\u00f3l adott \u00e1rengedm\u00e9nyt ugyanazon a m\u00f3don t\u00e9r\u00edtj\u00fck vissza \u00d6nnek, ahogyan a v\u00e9tel\u00e1rat megfizette, kiv\u00e9ve, ha kifejezetten m\u00e1s visszat\u00e9r\u00edt\u00e9si m\u00f3dban \u00e1llapodunk meg. A visszafizet\u00e9ssel kapcsolatos valamennyi k\u00f6lts\u00e9get mi viselj\u00fck.\n\nA 7.6.6. pont szerinti Szerz\u0151d\u00e9st\u0151l nem \u00e1llhat el, ha a hiba keletkez\u00e9s\u00e9ben \u00d6n is k\u00f6zrehatott, vagy ha a hiba jelent\u00e9ktelen. Ha a Szerz\u0151d\u00e9s t\u00f6bb \u00c1rut \u00e9rint, a Szerz\u0151d\u00e9st\u0151l csak a hib\u00e1s \u00c1ru tekintet\u00e9ben \u00e1llhat el. A t\u00f6bbi \u00c1ru tekintet\u00e9ben csak akkor \u00e1llhat el a Szerz\u0151d\u00e9st\u0151l, ha \u00e9sszer\u0171en nem v\u00e1rhat\u00f3 el, hogy a hib\u00e1s \u00c1ru n\u00e9lk\u00fcl is \u00e9rdeke f\u0171z\u0151dj\u00f6n a t\u00f6bbi \u00c1ru megtart\u00e1s\u00e1hoz.\n\nHa olyan hib\u00e1r\u00f3l van sz\u00f3, amely nem jav\u00edthat\u00f3, \u00e9s amely megakad\u00e1lyozza, hogy az \u00c1rut hib\u00e1tlan \u00c1ruk\u00e9nt rendeltet\u00e9sszer\u0171en haszn\u00e1lja, \u00d6n jogosult az \u00c1ru cser\u00e9j\u00e9re vagy a Szerz\u0151d\u00e9st\u0151l val\u00f3 el\u00e1ll\u00e1sra. Ugyanezek a jogok \u00d6nt akkor is megilletik, ha ugyan jav\u00edthat\u00f3 hib\u00e1kr\u00f3l van sz\u00f3, de a jav\u00edt\u00e1s ut\u00e1ni ism\u00e9telt hibael\u0151fordul\u00e1s vagy a hib\u00e1k nagyobb sz\u00e1ma miatt az \u00c1rut nem tudja rendeltet\u00e9sszer\u0171en haszn\u00e1lni.\n\nReklam\u00e1ci\u00f3j\u00e1t, illetve a hiba bejelent\u00e9s\u00e9t a kijav\u00edtott \u00c1ru \u00e1tad\u00e1s\u00e1val, az \u00c1ru kicser\u00e9l\u00e9s\u00e9vel, megfelel\u0151 \u00e1rengedm\u00e9ny kifizet\u00e9s\u00e9vel, vagy a hib\u00e1k\u00e9rt val\u00f3 felel\u0151ss\u00e9g \u00edr\u00e1sbeli, indokolt elutas\u00edt\u00e1s\u00e1val, azaz reklam\u00e1ci\u00f3ja elutas\u00edt\u00e1s\u00e1val int\u00e9zz\u00fck el.\n\nAmennyiben \u00d6n Fogyaszt\u00f3, az \u00c1ru hib\u00e1i\u00e9rt val\u00f3 felel\u0151ss\u00e9gb\u0151l ered\u0151 jogok \u00e9rv\u00e9nyes\u00edt\u00e9s\u00e9re a Polg\u00e1ri T\u00f6rv\u00e9nyk\u00f6nyv 619. \u00a7-a \u00e9s azt k\u00f6vet\u0151 rendelkez\u00e9sei, valamint a fogyaszt\u00f3v\u00e9delmi t\u00f6rv\u00e9ny vonatkoznak.\n\nHa elutas\u00edtjuk a hib\u00e1k\u00e9rt val\u00f3 felel\u0151ss\u00e9g\u00fcnket, illetve elutas\u00edtjuk az \u00d6n reklam\u00e1ci\u00f3j\u00e1t, \u00d6n jogosult akkredit\u00e1lt, felhatalmazott vagy bejelentett szem\u00e9lyhez fordulni (pl. szak\u00e9rt\u0151, felhatalmazott, akkredit\u00e1lt vagy bejelentett szem\u00e9ly, felhatalmazott szerviz, tudom\u00e1nyos int\u00e9zm\u00e9ny stb.), hogy szakv\u00e9lem\u00e9nyt vagy szakmai \u00e1ll\u00e1sfoglal\u00e1st adjon, amellyel igazolhatja a hib\u00e1k\u00e9rt val\u00f3 felel\u0151ss\u00e9g\u00fcnket.\n\nAbban az esetben, ha a 7.8. pont szerint bizony\u00edtja a hib\u00e1k\u00e9rt val\u00f3 felel\u0151ss\u00e9g\u00fcnket, jogosult az \u00c1ru hib\u00e1it ism\u00e9telten kifog\u00e1solni fel\u00e9nk, \u00e9s ilyen esetben ezt a felel\u0151ss\u00e9get m\u00e1r nem utas\u00edthatjuk el, teh\u00e1t k\u00f6telesek lesz\u00fcnk az ism\u00e9telt reklam\u00e1ci\u00f3j\u00e1val \u00fajb\u00f3l foglalkozni.\n\nA jelen Felt\u00e9telek 7.8. pontja szerinti szakv\u00e9lem\u00e9ny vagy szakmai \u00e1ll\u00e1sfoglal\u00e1s beszerz\u00e9s\u00e9vel kapcsolatos k\u00f6lts\u00e9geket mi viselj\u00fck, azonban ezeket legk\u00e9s\u0151bb az ism\u00e9telt reklam\u00e1ci\u00f3 elint\u00e9z\u00e9s\u00e9t\u0151l sz\u00e1m\u00edtott 2 h\u00f3napon bel\u00fcl kell n\u00e1lunk \u00e9rv\u00e9nyes\u00edtenie.\n\nEz\u00faton megfelel\u0151en t\u00e1j\u00e9koztattuk \u00d6nt az \u00c1ru esetleges hib\u00e1i\u00e9rt val\u00f3 felel\u0151ss\u00e9g \u00e9rv\u00e9nyes\u00edt\u00e9s\u00e9vel kapcsolatos jogair\u00f3l. A Szerz\u0151d\u00e9s megk\u00f6t\u00e9s\u00e9vel meger\u0151s\u00edti, hogy kell\u0151 id\u0151ben lehet\u0151s\u00e9ge volt az \u00c1ru reklam\u00e1ci\u00f3s felt\u00e9teleit elolvasni, \u00e9s azokat meg\u00e9rtette.\n\n<strong>el\u00e1ll\u00e1s a szerz\u0151d\u00e9st\u0151l<\/strong>\n\nA Szerz\u0151d\u00e9st\u0151l val\u00f3 el\u00e1ll\u00e1sra, vagyis a k\u00f6zt\u00fcnk fenn\u00e1ll\u00f3 szerz\u0151d\u00e9ses jogviszony kezdet\u00e9t\u0151l t\u00f6rt\u00e9n\u0151 megsz\u00fcntet\u00e9s\u00e9re az ebben a cikkben, illetve a Felt\u00e9telek tov\u00e1bbi olyan rendelkez\u00e9seiben meghat\u00e1rozott okokb\u00f3l \u00e9s m\u00f3dokon ker\u00fclhet sor, amelyekben az el\u00e1ll\u00e1s lehet\u0151s\u00e9ge kifejezetten szerepel.\n\nAmennyiben \u00d6n Fogyaszt\u00f3, a fogyaszt\u00f3v\u00e9delmi t\u00f6rv\u00e9ny 20. \u00a7-\u00e1nak megfelel\u0151en jogosult a Szerz\u0151d\u00e9st\u0151l indokol\u00e1s n\u00e9lk\u00fcl el\u00e1llni az \u00c1ru \u00e1tv\u00e9tel\u00e9nek napj\u00e1t\u00f3l, illetve olyan Szerz\u0151d\u00e9s megk\u00f6t\u00e9s\u00e9nek napj\u00e1t\u00f3l sz\u00e1m\u00edtott 14 napon bel\u00fcl, amelynek t\u00e1rgya szolg\u00e1ltat\u00e1s ny\u00fajt\u00e1sa, illetve olyan digit\u00e1lis tartalom szolg\u00e1ltat\u00e1s\u00e1ra vonatkoz\u00f3 Szerz\u0151d\u00e9s megk\u00f6t\u00e9s\u00e9nek napj\u00e1t\u00f3l sz\u00e1m\u00edtott 14 napon bel\u00fcl, amelyet nem fizikai adathordoz\u00f3n szolg\u00e1ltatunk. Ha olyan Szerz\u0151d\u00e9st k\u00f6t\u00f6tt\u00fcnk, amelynek t\u00e1rgya t\u00f6bbf\u00e9le \u00c1ru vagy az \u00c1ru t\u00f6bb r\u00e9szletben t\u00f6rt\u00e9n\u0151 sz\u00e1ll\u00edt\u00e1sa, ez a hat\u00e1rid\u0151 az \u00c1ru utols\u00f3 r\u00e9sz\u00e9nek \u00e1tv\u00e9tel\u00e9nek napj\u00e1n kezd\u0151dik, illetve ha olyan Szerz\u0151d\u00e9st k\u00f6t\u00f6tt\u00fcnk, amely alapj\u00e1n az \u00c1rut rendszeresen \u00e9s ism\u00e9telten sz\u00e1ll\u00edtjuk, a hat\u00e1rid\u0151 az els\u0151 sz\u00e1ll\u00edtm\u00e1ny \u00e1tv\u00e9tel\u00e9nek napj\u00e1n kezd\u0151dik. A Szerz\u0151d\u00e9st\u0151l b\u00e1rmilyen bizony\u00edthat\u00f3 m\u00f3don el\u00e1llhat (k\u00fcl\u00f6n\u00f6sen a Felt\u00e9telekben felt\u00fcntetett azonos\u00edt\u00f3 adatainkn\u00e1l megadott c\u00edmekre k\u00fcld\u00f6tt e-mail vagy lev\u00e9l \u00fatj\u00e1n). Az el\u00e1ll\u00e1shoz haszn\u00e1lhatja az \u00e1ltalunk biztos\u00edtott mintanyomtatv\u00e1nyt is, amely a Felt\u00e9telek 2. sz\u00e1m\u00fa mell\u00e9klet\u00e9t k\u00e9pezi. Jogosult a Szerz\u0151d\u00e9st\u0151l csak egy konkr\u00e9t \u00c1ru vagy t\u00f6bb konkr\u00e9t \u00c1ru vonatkoz\u00e1s\u00e1ban is el\u00e1llni, ha a Szerz\u0151d\u00e9s alapj\u00e1n t\u00f6bb \u00c1rut sz\u00e1ll\u00edtottunk vagy ny\u00fajtottunk. A Szerz\u0151d\u00e9st\u0151l val\u00f3 el\u00e1ll\u00e1s joghat\u00e1sai a Szerz\u0151d\u00e9shez kapcsol\u00f3d\u00f3 minden esetleges kieg\u00e9sz\u00edt\u0151 szerz\u0151d\u00e9sre is kiterjednek, kiv\u00e9ve, ha ett\u0151l kifejezetten elt\u00e9r\u0151en \u00e1llapodunk meg. A Szerz\u0151d\u00e9st\u0151l val\u00f3 el\u00e1ll\u00e1sr\u00f3l sz\u00f3l\u00f3 \u00e9rtes\u00edt\u00e9s k\u00e9zhezv\u00e9tel\u00e9t k\u00f6vet\u0151en e-mailben vagy m\u00e1s tart\u00f3s adathordoz\u00f3n halad\u00e9ktalanul visszaigazoljuk annak k\u00e9zhezv\u00e9tel\u00e9t.\n\nAbban az esetben, ha \u00d6n Fogyaszt\u00f3, \u00e9s az \u00c1rut nem sz\u00e1ll\u00edtjuk ki id\u0151ben, \u00d6n jogosult a Szerz\u0151d\u00e9st\u0151l a Polg\u00e1ri T\u00f6rv\u00e9nyk\u00f6nyv 517. \u00a7 (1) bekezd\u00e9se szerinti p\u00f3that\u00e1rid\u0151 biztos\u00edt\u00e1sa n\u00e9lk\u00fcl is el\u00e1llni, ha (i) megtagadjuk az \u00c1ru kisz\u00e1ll\u00edt\u00e1s\u00e1t, (ii) az id\u0151ben t\u00f6rt\u00e9n\u0151 teljes\u00edt\u00e9s a Szerz\u0151d\u00e9s megk\u00f6t\u00e9s\u00e9nek minden k\u00f6r\u00fclm\u00e9ny\u00e9re tekintettel k\u00fcl\u00f6n\u00f6sen fontos volt, vagy (iii) \u00d6n a Szerz\u0151d\u00e9s megk\u00f6t\u00e9se el\u0151tt k\u00f6z\u00f6lte vel\u00fcnk, hogy az id\u0151ben t\u00f6rt\u00e9n\u0151 teljes\u00edt\u00e9s k\u00fcl\u00f6n\u00f6sen fontos.\n\nFogyaszt\u00f3k\u00e9nt sem \u00e1llhat el azonban a Szerz\u0151d\u00e9st\u0151l azokban az esetekben, amikor a Szerz\u0151d\u00e9s t\u00e1rgya:\n\nszolg\u00e1ltat\u00e1s ny\u00fajt\u00e1sa, ha a szolg\u00e1ltat\u00e1s teljes eg\u00e9sz\u00e9ben teljes\u00edt\u00e9sre ker\u00fclt, \u00e9s a szolg\u00e1ltat\u00e1s ny\u00fajt\u00e1sa az el\u00e1ll\u00e1si hat\u00e1rid\u0151 lej\u00e1rta el\u0151tt az \u00d6n kifejezett hozz\u00e1j\u00e1rul\u00e1s\u00e1val kezd\u0151d\u00f6tt meg, \u00e9s \u00d6n egyidej\u0171leg kijelentette, hogy megfelel\u0151en t\u00e1j\u00e9koztatt\u00e1k arr\u00f3l, hogy hozz\u00e1j\u00e1rul\u00e1s\u00e1val a teljes szolg\u00e1ltat\u00e1sny\u00fajt\u00e1st k\u00f6vet\u0151en elvesz\u00edti a Szerz\u0151d\u00e9st\u0151l val\u00f3 el\u00e1ll\u00e1si jog\u00e1t, amennyiben a Szerz\u0151d\u00e9s szerint k\u00f6teles az \u00c1rat megfizetni;\n\nolyan \u00c1ru \u00e9rt\u00e9kes\u00edt\u00e9se, amelynek \u00e1ra a p\u00e9nz\u00fcgyi piac \u00e1rmozg\u00e1sait\u00f3l f\u00fcgg, amelyeket nem tudunk befoly\u00e1solni, \u00e9s amelyek az el\u00e1ll\u00e1si hat\u00e1rid\u0151 alatt is bek\u00f6vetkezhetnek;\n\nolyan alkoholos italok \u00e9rt\u00e9kes\u00edt\u00e9se, amelyek \u00e1ra a Szerz\u0151d\u00e9s megk\u00f6t\u00e9s\u00e9nek id\u0151pontj\u00e1ban ker\u00fclt meg\u00e1llap\u00edt\u00e1sra, mik\u00f6zben azok sz\u00e1ll\u00edt\u00e1sa legkor\u00e1bban 30 nap eltelt\u00e9vel lehets\u00e9ges, \u00e9s \u00e1ruk olyan piaci \u00e1rmozg\u00e1sokt\u00f3l f\u00fcgg, amelyeket nem tudunk befoly\u00e1solni;\n\nolyan \u00c1ru \u00e9rt\u00e9kes\u00edt\u00e9se, amelyet az \u00d6n specifik\u00e1ci\u00f3i alapj\u00e1n k\u00e9sz\u00edtettek, vagy amelyet kifejezetten az \u00d6n sz\u00e1m\u00e1ra gy\u00e1rtottak;\n\nolyan \u00c1ru \u00e9rt\u00e9kes\u00edt\u00e9se, amely gyors min\u0151s\u00e9groml\u00e1snak vagy romland\u00f3s\u00e1gnak van kit\u00e9ve, valamint olyan \u00c1ru, amely a sz\u00e1ll\u00edt\u00e1st k\u00f6vet\u0151en elv\u00e1laszthatatlanul \u00f6sszekeveredett m\u00e1s dologgal;\n\nv\u00e9d\u0151csomagol\u00e1sba z\u00e1rt \u00c1ru \u00e9rt\u00e9kes\u00edt\u00e9se, amely eg\u00e9szs\u00e9gv\u00e9delmi vagy higi\u00e9niai okokb\u00f3l nem alkalmas visszak\u00fcld\u00e9sre, \u00e9s amelynek v\u00e9d\u0151csomagol\u00e1s\u00e1t a sz\u00e1ll\u00edt\u00e1st k\u00f6vet\u0151en felbontott\u00e1k;\n\nv\u00e9d\u0151csomagol\u00e1sban \u00e9rt\u00e9kes\u00edtett hangfelv\u00e9telek, k\u00e9pfelv\u00e9telek, audiovizu\u00e1lis felv\u00e9telek vagy szoftver \u00e9rt\u00e9kes\u00edt\u00e9se, ha az \u00c1ru sz\u00e1ll\u00edt\u00e1s\u00e1t k\u00f6vet\u0151en az eredeti csomagol\u00e1st felbontott\u00e1k;\n\nid\u0151szaki kiadv\u00e1nyok \u00e9rt\u00e9kes\u00edt\u00e9se, kiv\u00e9ve az el\u0151fizet\u00e9ses szerz\u0151d\u00e9s alapj\u00e1n t\u00f6rt\u00e9n\u0151 \u00e9rt\u00e9kes\u00edt\u00e9st;\n\ndigit\u00e1lis tartalom szolg\u00e1ltat\u00e1sa, ha azt nem fizikai adathordoz\u00f3n sz\u00e1ll\u00edtott\u00e1k, \u00e9s azt az \u00d6n el\u0151zetes kifejezett hozz\u00e1j\u00e1rul\u00e1s\u00e1val az el\u00e1ll\u00e1si hat\u00e1rid\u0151 lej\u00e1rta el\u0151tt teljes\u00edtett\u00fck, \u00e9s mi t\u00e1j\u00e9koztattuk \u00d6nt arr\u00f3l, hogy nincs joga a Szerz\u0151d\u00e9st\u0151l el\u00e1llni.\n\nA Felt\u00e9telek 2. cikke szerinti el\u00e1ll\u00e1si hat\u00e1rid\u0151 megtartottnak min\u0151s\u00fcl, ha annak folyam\u00e1n (legk\u00e9s\u0151bb annak utols\u00f3 napj\u00e1n) elk\u00fcldi nek\u00fcnk az \u00e9rtes\u00edt\u00e9st arr\u00f3l, hogy el\u00e1ll a Szerz\u0151d\u00e9st\u0151l.\n\nA Szerz\u0151d\u00e9st\u0151l val\u00f3 el\u00e1ll\u00e1s eset\u00e9n az \u00c1rat az el\u00e1ll\u00e1sr\u00f3l sz\u00f3l\u00f3 \u00e9rtes\u00edt\u00e9s k\u00e9zhezv\u00e9tel\u00e9t\u0151l sz\u00e1m\u00edtott 14 napon bel\u00fcl visszat\u00e9r\u00edtj\u00fck arra a banksz\u00e1ml\u00e1ra, amelyr\u0151l az \u00f6sszeg be\u00e9rkezett, illetve az el\u00e1ll\u00e1sban megjel\u00f6lt banksz\u00e1ml\u00e1ra. Az \u00f6sszeget azonban nem t\u00e9r\u00edtj\u00fck vissza kor\u00e1bban, mint ahogy az \u00c1rut visszak\u00fcldi nek\u00fcnk, vagy igazolja, hogy azt visszak\u00fcldte r\u00e9sz\u00fcnkre. K\u00e9rj\u00fck, az \u00c1rut tiszta \u00e1llapotban, lehet\u0151s\u00e9g szerint eredeti csomagol\u00e1s\u00e1ban k\u00fcldje vissza nek\u00fcnk.\n\nA Felt\u00e9telek 2. cikke szerinti el\u00e1ll\u00e1s eset\u00e9n \u00d6n k\u00f6teles az el\u00e1ll\u00e1st\u00f3l sz\u00e1m\u00edtott 14 napon bel\u00fcl az \u00c1rut r\u00e9sz\u00fcnkre elk\u00fcldeni, \u00e1tadni nek\u00fcnk vagy az \u00c1ru \u00e1tv\u00e9tel\u00e9re \u00e1ltalunk meghatalmazott szem\u00e9lynek, mik\u00f6zben az \u00c1ru hozz\u00e1nk t\u00f6rt\u00e9n\u0151 visszak\u00fcld\u00e9s\u00e9nek k\u00f6lts\u00e9geit \u00d6n viseli. Ez nem alkalmazand\u00f3, ha meg\u00e1llapodunk abban, hogy az \u00c1rut szem\u00e9lyesen vagy az \u00e1ltalunk meghatalmazott szem\u00e9ly \u00fatj\u00e1n vessz\u00fck \u00e1t. A hat\u00e1rid\u0151 megtartottnak min\u0151s\u00fcl, ha az \u00c1rut legk\u00e9s\u0151bb a hat\u00e1rid\u0151 utols\u00f3 napj\u00e1n \u00e1tadj\u00e1k sz\u00e1ll\u00edt\u00e1sra. \u00d6n ugyanakkor jogosult arra, hogy visszat\u00e9r\u00edts\u00fck a sz\u00e1ll\u00edt\u00e1si d\u00edjat is, de csak az \u00e1ltalunk k\u00edn\u00e1lt legolcs\u00f3bb sz\u00e1ll\u00edt\u00e1si m\u00f3dnak megfelel\u0151 m\u00e9rt\u00e9kig. E pont els\u0151 mondat\u00e1ban foglaltak arra a fizikai adathordoz\u00f3ra is vonatkoznak, amelyen a digit\u00e1lis teljes\u00edt\u00e9st a digit\u00e1lis teljes\u00edt\u00e9s ny\u00fajt\u00e1s\u00e1ra ir\u00e1nyul\u00f3 Szerz\u0151d\u00e9s keret\u00e9ben szolg\u00e1ltattuk \u00d6nnek. A digit\u00e1lis teljes\u00edt\u00e9s ny\u00fajt\u00e1s\u00e1ra ir\u00e1nyul\u00f3 Szerz\u0151d\u00e9st\u0151l val\u00f3 el\u00e1ll\u00e1sa ut\u00e1n jogosultak vagyunk megakad\u00e1lyozni \u00d6nt a digit\u00e1lis teljes\u00edt\u00e9s tov\u00e1bbi haszn\u00e1lat\u00e1ban, k\u00fcl\u00f6n\u00f6sen a digit\u00e1lis teljes\u00edt\u00e9shez val\u00f3 hozz\u00e1f\u00e9r\u00e9s korl\u00e1toz\u00e1s\u00e1val vagy a felhaszn\u00e1l\u00f3i fi\u00f3k t\u00f6rl\u00e9s\u00e9vel. Ha az el\u00e1ll\u00e1ssal \u00e9rintett Szerz\u0151d\u00e9s t\u00e1rgya szolg\u00e1ltat\u00e1sny\u00fajt\u00e1s, \u00d6n k\u00f6teles a Szerz\u0151d\u00e9st\u0151l val\u00f3 el\u00e1ll\u00e1sr\u00f3l sz\u00f3l\u00f3 \u00e9rtes\u00edt\u00e9s k\u00e9zhezv\u00e9tel\u00e9nek napj\u00e1ig t\u00e9nylegesen ny\u00fajtott teljes\u00edt\u00e9s \u00c1r\u00e1t megt\u00e9r\u00edteni r\u00e9sz\u00fcnkre, amennyiben a teljes\u00edt\u00e9s megkezd\u00e9se el\u0151tt kifejezetten hozz\u00e1j\u00e1rult a szolg\u00e1ltat\u00e1sny\u00fajt\u00e1s megkezd\u00e9s\u00e9hez.\n\n\u00d6n felel a k\u00e1rok\u00e9rt azokban az esetekben, amikor az \u00c1ru az\u00e9rt s\u00e9r\u00fcl meg, mert azt a jelleg\u00e9re \u00e9s tulajdons\u00e1gaira tekintettel sz\u00fcks\u00e9ges kezel\u00e9st\u0151l elt\u00e9r\u0151 m\u00f3don kezelte. Az okozott k\u00e1rt ilyen esetben azt k\u00f6vet\u0151en sz\u00e1ml\u00e1zzuk ki \u00d6nnek, hogy az \u00c1ru vissza\u00e9rkezett hozz\u00e1nk, \u00e9s a kisz\u00e1ml\u00e1zott \u00f6sszeg esed\u00e9kess\u00e9ge 14 nap.\n\nJogosultak vagyunk a Szerz\u0151d\u00e9st\u0151l el\u00e1llni k\u00e9szlethi\u00e1ny, az \u00c1ru el\u00e9rhetetlens\u00e9ge miatt, vagy ha a Szerz\u0151d\u00e9sben meghat\u00e1rozott \u00c1ru gy\u00e1rt\u00f3ja, import\u0151re vagy sz\u00e1ll\u00edt\u00f3ja megsz\u00fcntette a gy\u00e1rt\u00e1st, illetve olyan l\u00e9nyeges v\u00e1ltoztat\u00e1sokat hajtott v\u00e9gre, amelyek lehetetlenn\u00e9 tett\u00e9k a Szerz\u0151d\u00e9sb\u0151l ered\u0151 k\u00f6telezetts\u00e9geink teljes\u00edt\u00e9s\u00e9t, vagy vis maior ok\u00e1b\u00f3l, illetve akkor is, ha minden, t\u0151l\u00fcnk m\u00e9lt\u00e1nyosan elv\u00e1rhat\u00f3 er\u0151fesz\u00edt\u00e9s ellen\u00e9re sem vagyunk k\u00e9pesek az \u00c1rut a jelen Felt\u00e9telekben meghat\u00e1rozott hat\u00e1rid\u0151n bel\u00fcl kisz\u00e1ll\u00edtani. Ezekben az esetekben k\u00f6telesek vagyunk \u00d6nt halad\u00e9ktalanul t\u00e1j\u00e9koztatni err\u0151l a t\u00e9nyr\u0151l, \u00e9s az \u00c1ru\u00e9rt m\u00e1r megfizetett Teljes \u00e1rat a Szerz\u0151d\u00e9st\u0151l val\u00f3 el\u00e1ll\u00e1sr\u00f3l sz\u00f3l\u00f3 \u00e9rtes\u00edt\u00e9s napj\u00e1t\u00f3l sz\u00e1m\u00edtott 14 napon bel\u00fcl visszat\u00e9r\u00edteni. A megfizetett Teljes \u00e1rat ugyanazon a m\u00f3don t\u00e9r\u00edtj\u00fck vissza \u00d6nnek, ahogyan \u00d6n azt megfizette, ez azonban nem \u00e9rinti azt a jogot, hogy m\u00e1s visszat\u00e9r\u00edt\u00e9si m\u00f3dban \u00e1llapodjunk meg, amennyiben ezzel kapcsolatban \u00d6nnek semmilyen tov\u00e1bbi k\u00f6lts\u00e9get nem sz\u00e1m\u00edtunk fel.\n\nJogosultak vagyunk a Szerz\u0151d\u00e9st\u0151l akkor is el\u00e1llni, ha \u00d6n az \u00c1rut att\u00f3l a napt\u00f3l sz\u00e1m\u00edtott 5 munkanapon bel\u00fcl nem vette \u00e1t, amikor k\u00f6teless\u00e9ge lett volna azt \u00e1tvenni.\n\n<strong>beadv\u00e1nyok \u00e9s panaszok beny\u00fajt\u00e1sa<\/strong>\n\nFogyaszt\u00f3k\u00e9nt \u00d6n jogosult beadv\u00e1nyokat \u00e9s panaszokat \u00edr\u00e1sban beny\u00fajtani, m\u00e9gpedig az al\u00e1bbi e-mail c\u00edmen: <strong>info@royalpeptides.eu\n<\/strong>\n\nA beadv\u00e1ny vagy panasz elb\u00edr\u00e1l\u00e1s\u00e1r\u00f3l az \u00d6n e-mail c\u00edm\u00e9re k\u00fcld\u00f6tt e-mailben t\u00e1j\u00e9koztatjuk.\n\nA fel\u00fcgyeleti szerv k\u00fcl\u00f6n\u00f6sen a Szlov\u00e1k Kereskedelmi Fel\u00fcgyelet <em>(SOI)<\/em>, a Pozsonyi Ker\u00fcleti SOI Fel\u00fcgyel\u0151s\u00e9g, sz\u00e9khelye: Bajkalsk\u00e1 21\/A, P. O. BOX \u010d. 5, 820 07 Bratislava, telefonsz\u00e1m: 02\/58 27 21 04\n\nAmennyiben nem el\u00e9gedett a beadv\u00e1nya vagy panasza kezel\u00e9s\u00e9vel, ellen\u0151rz\u00e9si ind\u00edtv\u00e1nyt elektronikus \u00faton is beny\u00fajthat a k\u00f6vetkez\u0151 weboldalon el\u00e9rhet\u0151 platformon kereszt\u00fcl: <a href=\"https:\/\/www.soi.sk\/sk\/Podavanie-podnetov-staznosti-navrhov-a-ziadosti\/Podajte-podnet.soi\">https:\/\/www.soi.sk\/sk\/Podavanie-podnetov-staznosti-navrhov-a-ziadosti\/Podajte-podnet.soi\n<\/a>.\n\n<strong>alternat\u00edv vitarendez\u00e9s fogyaszt\u00f3kkal<\/strong>\n\nJoga van hozz\u00e1nk fordulni jogorvoslati k\u00e9relemmel az nainfo@royalpeptides.eu\n e-mail c\u00edmre k\u00fcld\u00f6tt \u00fczenet \u00fatj\u00e1n, ha nem el\u00e9gedett azzal, ahogyan reklam\u00e1ci\u00f3j\u00e1t elint\u00e9zt\u00fck, vagy ha \u00fagy v\u00e9li, hogy megs\u00e9rtett\u00fck az \u00d6n jogait. Ha k\u00e9relm\u00e9t elutas\u00edtjuk, vagy annak elk\u00fcld\u00e9s\u00e9t\u0151l sz\u00e1m\u00edtott 30 napon bel\u00fcl nem v\u00e1laszolunk, joga van a fogyaszt\u00f3i jogvit\u00e1k alternat\u00edv rendez\u00e9s\u00e9r\u0151l \u00e9s egyes t\u00f6rv\u00e9nyek m\u00f3dos\u00edt\u00e1s\u00e1r\u00f3l sz\u00f3l\u00f3 391\/2015. sz. t\u00f6rv\u00e9ny alapj\u00e1n alternat\u00edv vitarendez\u00e9si elj\u00e1r\u00e1s megind\u00edt\u00e1s\u00e1t kezdem\u00e9nyezni az alternat\u00edv vitarendez\u00e9si szervn\u00e9l (\u201e<u>Szerv<\/u>\u201c).\n\nA Szervet a fogyaszt\u00f3i jogvit\u00e1k alternat\u00edv rendez\u00e9s\u00e9r\u0151l sz\u00f3l\u00f3 t\u00f6rv\u00e9ny 3. \u00a7-a szerinti hat\u00f3s\u00e1gok \u00e9s feljogos\u00edtott jogi szem\u00e9lyek alkotj\u00e1k, amelyek list\u00e1ja a Szlov\u00e1k K\u00f6zt\u00e1rsas\u00e1g Gazdas\u00e1gi Miniszt\u00e9rium\u00e1nak weboldal\u00e1n tal\u00e1lhat\u00f3: <a href=\"https:\/\/www.mhsr.sk\/obchod\/ochrana-spotrebitela\/alternativne-riesenie-spotrebitelskych-sporov-1\/zoznam-subjektov-alternativneho-riesenia-spotrebitelskych-sporov-1\">https:\/\/www.mhsr.sk\/obchod\/ochrana-spotrebitela\/alternativne-riesenie-spotrebitelskych-sporov-1\/zoznam-subjektov-alternativneho-riesenia-spotrebitelskych-sporov-1\n<\/a>.\n\nA javaslatot a fogyaszt\u00f3i jogvit\u00e1k alternat\u00edv rendez\u00e9s\u00e9r\u0151l sz\u00f3l\u00f3 t\u00f6rv\u00e9ny 12. \u00a7-\u00e1ban meghat\u00e1rozott m\u00f3don ny\u00fajthatja be.\n\nTov\u00e1bb\u00e1 joga van az online peren k\u00edv\u00fcli vitarendez\u00e9st az OSR platformon kereszt\u00fcl kezdem\u00e9nyezni, amely az al\u00e1bbi weboldalakon \u00e9rhet\u0151 el: <a href=\"https:\/\/ec.europa.eu\/commission\/presscorner\/detail\/sk\/IP_16_297\">https:\/\/ec.europa.eu\/commission\/presscorner\/detail\/sk\/IP_16_297\n<\/a>, <a href=\"https:\/\/ec.europa.eu\/consumers\/odr\/main\/index.cfm?event=main.home2.show&amp;lng=SK\">https:\/\/ec.europa.eu\/consumers\/odr\/main\/index.cfm?event=main.home2.show&amp;lng=SK\n<\/a>.\n\n<strong>Z\u00e1r\u00f3 rendelkez\u00e9sek<\/strong>\n\nMinden \u00edr\u00e1sbeli levelez\u00e9st elektronikus \u00faton, e-mailben k\u00e9zbes\u00edt\u00fcnk \u00d6nnek. Az e-mail-c\u00edm\u00fcnk a saj\u00e1t azonos\u00edt\u00f3 adatainkn\u00e1l van felt\u00fcntetve. Mi a levelez\u00e9st az \u00d6n Szerz\u0151d\u00e9sben, Felhaszn\u00e1l\u00f3i fi\u00f3kj\u00e1ban megadott e-mail-c\u00edm\u00e9re, vagy arra az e-mail-c\u00edmre k\u00fcldj\u00fck, amelyr\u0151l \u00d6n kapcsolatba l\u00e9pett vel\u00fcnk.\n\nA Szerz\u0151d\u00e9s kiz\u00e1r\u00f3lag \u00edr\u00e1sbeli meg\u00e1llapod\u00e1sunk alapj\u00e1n m\u00f3dos\u00edthat\u00f3. Ugyanakkor jogosultak vagyunk a jelen Felt\u00e9teleket m\u00f3dos\u00edtani \u00e9s kieg\u00e9sz\u00edteni, ez a m\u00f3dos\u00edt\u00e1s azonban nem \u00e9rinti a m\u00e1r megk\u00f6t\u00f6tt Szerz\u0151d\u00e9seket, hanem csak azokat a Szerz\u0151d\u00e9seket, amelyek a m\u00f3dos\u00edt\u00e1s hat\u00e1lybal\u00e9p\u00e9se ut\u00e1n j\u00f6nnek l\u00e9tre. A m\u00f3dos\u00edt\u00e1sr\u00f3l azonban csak abban az esetben t\u00e1j\u00e9koztatjuk \u00d6nt, ha rendelkezik Felhaszn\u00e1l\u00f3i fi\u00f3kkal (hogy err\u0151l az inform\u00e1ci\u00f3r\u00f3l tudom\u00e1sa legyen arra az esetre, ha \u00faj \u00c1rut rendelne; a m\u00f3dos\u00edt\u00e1s azonban nem alapoz meg felmond\u00e1si jogot, mivel nincs olyan megk\u00f6t\u00f6tt Szerz\u0151d\u00e9s\u00fcnk, amely felmondhat\u00f3 lenne), vagy ha a Szerz\u0151d\u00e9s alapj\u00e1n \u00d6nnek rendszeresen \u00e9s ism\u00e9telten sz\u00e1ll\u00edtunk \u00c1rut. A m\u00f3dos\u00edt\u00e1sr\u00f3l sz\u00f3l\u00f3 t\u00e1j\u00e9koztat\u00e1st legal\u00e1bb 14 nappal a m\u00f3dos\u00edt\u00e1s hat\u00e1lybal\u00e9p\u00e9se el\u0151tt k\u00fcldj\u00fck meg az \u00d6n e-mail-c\u00edm\u00e9re. Amennyiben az inform\u00e1ci\u00f3 elk\u00fcld\u00e9s\u00e9t\u0151l sz\u00e1m\u00edtott 14 napon bel\u00fcl nem kapjuk meg \u00d6nt\u0151l a rendszeres \u00e9s ism\u00e9telt \u00c1rusz\u00e1ll\u00edt\u00e1sra vonatkoz\u00f3 megk\u00f6t\u00f6tt Szerz\u0151d\u00e9s felmond\u00e1s\u00e1t, az \u00faj felt\u00e9telek Szerz\u0151d\u00e9s\u00fcnk r\u00e9sz\u00e9v\u00e9 v\u00e1lnak, \u00e9s a m\u00f3dos\u00edt\u00e1s hat\u00e1lybal\u00e9p\u00e9s\u00e9t k\u00f6vet\u0151 tov\u00e1bbi \u00c1rusz\u00e1ll\u00edt\u00e1sra alkalmazand\u00f3k. A felmond\u00e1si id\u0151 abban az esetben, ha \u00d6n felmond\u00e1st ny\u00fajt be, 2 h\u00f3nap.\n\nVis maior vagy el\u0151re nem l\u00e1that\u00f3 esem\u00e9nyek eset\u00e9n (term\u00e9szeti katasztr\u00f3fa, vil\u00e1gj\u00e1rv\u00e1ny, \u00fczemzavarok, alv\u00e1llalkoz\u00f3k kies\u00e9se stb.) nem v\u00e1llalunk felel\u0151ss\u00e9get az ilyen vis maior esem\u00e9nyekkel vagy el\u0151re nem l\u00e1that\u00f3 esem\u00e9nyekkel \u00f6sszef\u00fcgg\u00e9sben okozott k\u00e1rok\u00e9rt, \u00e9s ha ez az \u00e1llapot 10 napn\u00e1l tov\u00e1bb tart, mind \u00d6n, mind mi jogosultak vagyunk a Szerz\u0151d\u00e9st\u0151l \u00edr\u00e1sban el\u00e1llni.\n\nA Felt\u00e9telek elv\u00e1laszthatatlan mell\u00e9klet\u00e9t k\u00e9pezi a reklam\u00e1ci\u00f3s mintanyomtatv\u00e1ny (1. sz\u00e1m\u00fa mell\u00e9klet), valamint a Szerz\u0151d\u00e9st\u0151l val\u00f3 el\u00e1ll\u00e1s mintanyomtatv\u00e1nya a t\u00e1j\u00e9koztat\u00e1ssal egy\u00fctt (2. sz\u00e1m\u00fa mell\u00e9klet).\n\nA Szerz\u0151d\u00e9st a Felt\u00e9telekkel egy\u00fctt elektronikus form\u00e1ban archiv\u00e1ljuk, azonban az \u00d6n sz\u00e1m\u00e1ra nem hozz\u00e1f\u00e9rhet\u0151. Mindig megkapja azonban e-mailben a jelen Felt\u00e9teleket \u00e9s a Megrendel\u00e9s visszaigazol\u00e1s\u00e1t a Megrendel\u00e9s \u00f6sszefoglal\u00e1s\u00e1val egy\u00fctt, \u00edgy a Szerz\u0151d\u00e9shez mindig hozz\u00e1 fog f\u00e9rni a mi k\u00f6zrem\u0171k\u00f6d\u00e9s\u00fcnk n\u00e9lk\u00fcl is. Javasoljuk, hogy a Megrendel\u00e9s visszaigazol\u00e1s\u00e1t \u00e9s a Felt\u00e9teleket mindig mentse el.\n\nTev\u00e9kenys\u00e9g\u00fcnkre nem vonatkoznak a fogyaszt\u00f3v\u00e9delmi t\u00f6rv\u00e9ny 2. \u00a7 i) pontja szerinti magatart\u00e1si k\u00f3dexek.\n\nA jelen Felt\u00e9telek <strong>2026.02<\/strong> napj\u00e1n l\u00e9pnek hat\u00e1lyba.\n\n<strong> <\/strong>\n\n<strong> <\/strong>\n\n<strong>1. sz\u00e1m\u00fa mell\u00e9klet \u2013 Reklam\u00e1ci\u00f3s nyomtatv\u00e1ny<\/strong>\n\n<strong>C\u00edmzett: <\/strong>\n\n<strong>Reklam\u00e1ci\u00f3 \u00e9rv\u00e9nyes\u00edt\u00e9se<\/strong>\n\n<table width=\"612\"> <tbody> <tr> <td colspan=\"2\" width=\"612\">A Fogyaszt\u00f3 t\u00f6lti ki<\/td> <\/tr> <tr> <td width=\"226\">Vezet\u00e9kn\u00e9v \u00e9s keresztn\u00e9v:<\/td> <td width=\"386\"><\/td> <\/tr> <tr> <td width=\"226\">Lakc\u00edm:<\/td> <td width=\"386\"><\/td> <\/tr> <tr> <td colspan=\"2\" width=\"612\">A V\u00e1llalkoz\u00f3 \u2013 term\u00e9szetes szem\u00e9ly t\u00f6lti ki<\/td> <\/tr> <tr> <td width=\"226\">C\u00e9gn\u00e9v:<\/td> <td width=\"386\"><\/td> <\/tr> <tr> <td width=\"226\">Lak\u00f3hely c\u00edme \/ Sz\u00e9khely:<\/td> <td width=\"386\"><\/td> <\/tr> <tr> <td width=\"226\">C\u00e9gjegyz\u00e9ksz\u00e1m\/Nyilv\u00e1ntart\u00e1s<\/td> <td width=\"386\"><\/td> <\/tr> <tr> <td colspan=\"2\" width=\"612\">A V\u00e1llalkoz\u00f3 \u2013 jogi szem\u00e9ly t\u00f6lti ki<\/td> <\/tr> <tr> <td width=\"226\">C\u00e9gn\u00e9v:<\/td> <td width=\"386\"><\/td> <\/tr> <tr> <td width=\"226\">A jogi szem\u00e9ly sz\u00e9khelye:<\/td> <td width=\"386\"><\/td> <\/tr> <tr> <td width=\"226\">C\u00e9gjegyz\u00e9ksz\u00e1m \/ a c\u00e9gjegyz\u00e9kbe t\u00f6rt\u00e9n\u0151 bejegyz\u00e9s adata:<\/td> <td width=\"386\"><\/td> <\/tr> <tr> <td width=\"226\">A jogi szem\u00e9ly nev\u00e9ben elj\u00e1r\u00f3 szem\u00e9ly neve \u00e9s vezet\u00e9kneve \/ tiszts\u00e9ge<\/td> <td width=\"386\"><\/td> <\/tr> <tr> <td width=\"226\">E-mail-c\u00edm:<\/td> <td width=\"386\"><\/td> <\/tr> <tr> <td width=\"226\">Megrendel\u00e9s \u00e9s sz\u00e1mla sz\u00e1ma:<\/td> <td width=\"386\"><\/td> <\/tr> <tr> <td width=\"226\">A megrendel\u00e9s d\u00e1tuma:<\/td> <td width=\"386\"><\/td> <\/tr> <tr> <td width=\"226\">Az \u00e1ru \u00e1tv\u00e9tel\u00e9nek d\u00e1tuma:<\/td> <td width=\"386\"><\/td> <\/tr> <tr> <td width=\"226\">A reklam\u00e1lt \u00c1ru (megnevez\u00e9s \u00e9s k\u00f3d):<\/td> <td width=\"386\"><\/td> <\/tr> <tr> <td width=\"226\">Az \u00c1ru hib\u00e1inak le\u00edr\u00e1sa \u00e9s terjedelme:<\/td> <td width=\"386\"><\/td> <\/tr> <tr> <td width=\"226\">Az elad\u00f3 \u00fcgyfelek\u00e9nt k\u00e9rem, hogy reklam\u00e1ci\u00f3mat a k\u00f6vetkez\u0151 m\u00f3don int\u00e9zz\u00e9k el:<\/td> <td width=\"386\"><\/td> <\/tr> <tr> <td width=\"226\">K\u00e9rem a p\u00e9nz visszat\u00e9r\u00edt\u00e9s\u00e9t banksz\u00e1ml\u00e1ra (IBAN) \/ m\u00e1s m\u00f3don<\/td> <td width=\"386\"><\/td> <\/tr> <\/tbody> <\/table> Mell\u00e9kletek:\n\nD\u00e1tum:\n\nAl\u00e1\u00edr\u00e1s:\n\n<strong>2. sz\u00e1m\u00fa mell\u00e9klet \u2013 Nyomtatv\u00e1ny a szerz\u0151d\u00e9st\u0151l val\u00f3 el\u00e1ll\u00e1shoz<\/strong>\n\n<strong> <\/strong>\n\n<strong>NYOMTATV\u00c1NY T\u00c1VOLL\u00c9V\u0150K K\u00d6Z\u00d6TT K\u00d6T\u00d6TT SZERZ\u0150D\u00c9ST\u0150L \u00c9S A KERESKED\u0150 \u00dcZLETHELYIS\u00c9G\u00c9N K\u00cdV\u00dcL K\u00d6T\u00d6TT SZERZ\u0150D\u00c9ST\u0150L VAL\u00d3 EL\u00c1LL\u00c1SHOZ<\/strong>\n\n(T\u00f6ltse ki \u00e9s k\u00fcldje el ezt a nyomtatv\u00e1nyt csak abban az esetben, ha el k\u00edv\u00e1n \u00e1llni a t\u00e1voll\u00e9v\u0151k k\u00f6z\u00f6tt k\u00f6t\u00f6tt szerz\u0151d\u00e9st\u0151l vagy a keresked\u0151 \u00fczlethelyis\u00e9g\u00e9n k\u00edv\u00fcl k\u00f6t\u00f6tt szerz\u0151d\u00e9st\u0151l.)\n\n\u2013 C\u00edmzett <em>:<\/em> Barbarea s.r.o., Drot\u00e1rska cesta 19B, 811 02 Bratislava &#8211; mestsk\u00e1 \u010das\u0165 Star\u00e9 Mesto, C\u00e9gjegyz\u00e9ksz\u00e1m: 51474271, bejegyezve a Pozsonyi V\u00e1rosi B\u00edr\u00f3s\u00e1g III. c\u00e9gjegyz\u00e9k\u00e9ben, Sro r\u00e9szleg, 161486\/B bet\u00e9tsz\u00e1m alatt\n\nE-mail kapcsolat: <a href=\"mailto:info@royalpeptides.eu\">info@royalpeptides.eu\n<\/a>\n\n\u2013 Ez\u00faton \u00e9rtes\u00edtem\/\u00e9rtes\u00edtj\u00fck*, hogy el\u00e1llok\/el\u00e1llunk* a k\u00f6vetkez\u0151 term\u00e9k sz\u00e1ll\u00edt\u00e1s\u00e1ra vagy ny\u00fajt\u00e1s\u00e1ra vonatkoz\u00f3 szerz\u0151d\u00e9st\u0151l:\n\n\u2013 A megrendel\u00e9s d\u00e1tuma \/ az \u00e1tv\u00e9tel d\u00e1tuma &#8230;&#8230;&#8230;&#8230;..\n\n\u2013 A fogyaszt\u00f3 neve \u00e9s vezet\u00e9kneve &#8230;&#8230;&#8230;&#8230;..\n\n\u2013 A fogyaszt\u00f3 c\u00edme &#8230;&#8230;&#8230;&#8230;..\n\n\u2013 A fogyaszt\u00f3 al\u00e1\u00edr\u00e1sa &#8230;&#8230;&#8230;&#8230;..\n\n\u2013 D\u00e1tum &#8230;&#8230;&#8230;&#8230;..\n\n<strong> <\/strong>\n\n<strong> <\/strong>\n\n<strong> <\/strong>\n\n<strong> <\/strong>\n\n<strong> <\/strong>\n\n<strong> <\/strong>\n\n<strong> <\/strong>\n\n<strong> <\/strong>\n\n<strong> <\/strong>\n\n<strong> <\/strong>\n\n<strong> <\/strong>\n\n<strong> <\/strong>\n\n<strong> <\/strong>\n\n<strong> <\/strong>\n\n<strong> <\/strong>\n\n<strong> <\/strong>\n\n<strong> <\/strong>\n\n<strong> <\/strong>\n\n<strong> <\/strong>\n\n<strong>T\u00c1J\u00c9KOZTAT\u00c1S A FOGYASZT\u00d3 T\u00c1VOLL\u00c9V\u0150K K\u00d6Z\u00d6TT K\u00d6T\u00d6TT SZERZ\u0150D\u00c9ST\u0150L \u00c9S A KERESKED\u0150 \u00dcZLETHELYIS\u00c9G\u00c9N K\u00cdV\u00dcL K\u00d6T\u00d6TT SZERZ\u0150D\u00c9ST\u0150L VAL\u00d3 EL\u00c1LL\u00c1SI JOG\u00c1NAK GYAKORL\u00c1S\u00c1R\u00d3L<\/strong>\n\n<strong>El\u00e1ll\u00e1si jog<\/strong>\n\n\u00d6n jogosult indokol\u00e1s n\u00e9lk\u00fcl el\u00e1llni ett\u0151l a szerz\u0151d\u00e9st\u0151l 14 napon bel\u00fcl.\n\nA szerz\u0151d\u00e9st\u0151l val\u00f3 el\u00e1ll\u00e1si hat\u00e1rid\u0151 14 nap eltelt\u00e9vel j\u00e1r le.\n\nAz el\u00e1ll\u00e1si jog gyakorl\u00e1sa eset\u00e9n egy\u00e9rtelm\u0171 nyilatkozattal t\u00e1j\u00e9koztasson benn\u00fcnket arr\u00f3l a d\u00f6nt\u00e9s\u00e9r\u0151l, hogy el\u00e1ll ett\u0151l a szerz\u0151d\u00e9st\u0151l, az al\u00e1bbi e-mail-c\u00edmen: <a href=\"mailto:info@royalpeptides.eu\">info@royalpeptides.eu\n<\/a>\n\nErre a c\u00e9lra felhaszn\u00e1lhatja a szerz\u0151d\u00e9st\u0151l val\u00f3 el\u00e1ll\u00e1s mintanyomtatv\u00e1ny\u00e1t, amelyet \u00e1tadtunk vagy elk\u00fcldt\u00fcnk \u00d6nnek, ennek haszn\u00e1lata azonban nem k\u00f6telez\u0151.\n\nA szerz\u0151d\u00e9st\u0151l val\u00f3 el\u00e1ll\u00e1si hat\u00e1rid\u0151 megtartottnak min\u0151s\u00fcl, ha a szerz\u0151d\u00e9st\u0151l val\u00f3 el\u00e1ll\u00e1si jog gyakorl\u00e1s\u00e1r\u00f3l sz\u00f3l\u00f3 \u00e9rtes\u00edt\u00e9st m\u00e9g az el\u00e1ll\u00e1si hat\u00e1rid\u0151 lej\u00e1rta el\u0151tt elk\u00fcldi.\n\n<strong>A szerz\u0151d\u00e9st\u0151l val\u00f3 el\u00e1ll\u00e1s k\u00f6vetkezm\u00e9nyei<\/strong>\n\nA szerz\u0151d\u00e9st\u0151l val\u00f3 el\u00e1ll\u00e1s ut\u00e1n visszat\u00e9r\u00edt\u00fcnk \u00d6nnek minden olyan befizet\u00e9st, amelyet a szerz\u0151d\u00e9s megk\u00f6t\u00e9s\u00e9vel \u00f6sszef\u00fcgg\u00e9sben teljes\u00edtett, bele\u00e9rtve az \u00e1ru \u00d6nh\u00f6z t\u00f6rt\u00e9n\u0151 sz\u00e1ll\u00edt\u00e1s\u00e1nak k\u00f6lts\u00e9geit is. Ez nem vonatkozik azokra a t\u00f6bbletk\u00f6lts\u00e9gekre, amelyek abb\u00f3l erednek, hogy \u00d6n az \u00e1ltalunk k\u00edn\u00e1lt legolcs\u00f3bb szok\u00e1sos sz\u00e1ll\u00edt\u00e1si m\u00f3dt\u00f3l elt\u00e9r\u0151 sz\u00e1ll\u00edt\u00e1si m\u00f3dot v\u00e1lasztott. A befizet\u00e9seket legk\u00e9s\u0151bb att\u00f3l a napt\u00f3l sz\u00e1m\u00edtott 14 napon bel\u00fcl t\u00e9r\u00edtj\u00fck vissza, amikor k\u00e9zhez kaptuk az \u00d6n jelen szerz\u0151d\u00e9st\u0151l val\u00f3 el\u00e1ll\u00e1s\u00e1r\u00f3l sz\u00f3l\u00f3 \u00e9rtes\u00edt\u00e9s\u00e9t. A visszat\u00e9r\u00edt\u00e9s ugyanazzal a fizet\u00e9si m\u00f3ddal t\u00f6rt\u00e9nik, amelyet az \u00d6n eredeti fizet\u00e9s\u00e9n\u00e9l alkalmazott, kiv\u00e9ve, ha \u00d6n kifejezetten m\u00e1s visszat\u00e9r\u00edt\u00e9si m\u00f3dhoz j\u00e1rult hozz\u00e1, mindezt tov\u00e1bbi d\u00edjak felsz\u00e1m\u00edt\u00e1sa n\u00e9lk\u00fcl.\n\n<strong> <\/strong>\n\n<strong> <\/strong>\t\t\t\t\t\t\t\t<\/div>\n\t\t\t\t<\/div>\n\t\t\t\t\t<\/div>\n\t\t\t\t<\/div>\n\t\t\t\t<\/div>\n\t\t","protected":false},"excerpt":{"rendered":"<p>\u00c1ltal\u00e1nos szerz\u0151d\u00e9si felt\u00e9telek Tieto v\u0161eobecn\u00e9 obchodn\u00e9 podmienky (&#8222;Felt\u00e9telek&#8222;) szab\u00e1lyozz\u00e1k az \u00d6n, mint v\u00e1s\u00e1rl\u00f3, valamint a mi, mint elad\u00f3, illetve keresked\u0151 jogait \u00e9s k\u00f6telezetts\u00e9geit a t\u00e1voll\u00e9v\u0151k k\u00f6z\u00f6tti kommunik\u00e1ci\u00f3 \u00fatj\u00e1n l\u00e9trej\u00f6tt szerz\u0151d\u00e9ses jogviszonyok keret\u00e9ben, konkr\u00e9tan az www.royalpeptides.eu weboldalon m\u0171k\u00f6d\u0151 E-shopon kereszt\u00fcl. Az \u00d6n szem\u00e9lyes adatainak kezel\u00e9s\u00e9re vonatkoz\u00f3 \u00f6sszes inform\u00e1ci\u00f3 megtal\u00e1lhat\u00f3 az adatkezel\u00e9si ir\u00e1nyelvekben, amelyeket a www.royalpeptides.eu weboldalon [&hellip;]<\/p>\n","protected":false},"author":1,"featured_media":0,"parent":0,"menu_order":0,"comment_status":"closed","ping_status":"closed","template":"","meta":{"footnotes":""},"class_list":["post-2630","page","type-page","status-publish","hentry"],"yoast_head":"<!-- This site is optimized with the Yoast SEO plugin v27.0 - https:\/\/yoast.com\/product\/yoast-seo-wordpress\/ -->\n<title>\u00c1ltal\u00e1nos szerz\u0151d\u00e9si felt\u00e9telek - Royal Peptides<\/title>\n<meta name=\"robots\" content=\"index, follow, max-snippet:-1, max-image-preview:large, max-video-preview:-1\" \/>\n<link rel=\"canonical\" href=\"https:\/\/www.royalpeptides.eu\/hu\/altalanos-szerzodesi-feltetelek\" \/>\n<meta property=\"og:locale\" content=\"hu_HU\" \/>\n<meta property=\"og:type\" content=\"article\" \/>\n<meta property=\"og:title\" content=\"\u00c1ltal\u00e1nos szerz\u0151d\u00e9si felt\u00e9telek - Royal Peptides\" \/>\n<meta property=\"og:description\" content=\"\u00c1ltal\u00e1nos szerz\u0151d\u00e9si felt\u00e9telek Tieto v\u0161eobecn\u00e9 obchodn\u00e9 podmienky (&#8222;Felt\u00e9telek&#8222;) szab\u00e1lyozz\u00e1k az \u00d6n, mint v\u00e1s\u00e1rl\u00f3, valamint a mi, mint elad\u00f3, illetve keresked\u0151 jogait \u00e9s k\u00f6telezetts\u00e9geit a t\u00e1voll\u00e9v\u0151k k\u00f6z\u00f6tti kommunik\u00e1ci\u00f3 \u00fatj\u00e1n l\u00e9trej\u00f6tt szerz\u0151d\u00e9ses jogviszonyok keret\u00e9ben, konkr\u00e9tan az www.royalpeptides.eu weboldalon m\u0171k\u00f6d\u0151 E-shopon kereszt\u00fcl. Az \u00d6n szem\u00e9lyes adatainak kezel\u00e9s\u00e9re vonatkoz\u00f3 \u00f6sszes inform\u00e1ci\u00f3 megtal\u00e1lhat\u00f3 az adatkezel\u00e9si ir\u00e1nyelvekben, amelyeket a www.royalpeptides.eu weboldalon [&hellip;]\" \/>\n<meta property=\"og:url\" content=\"https:\/\/www.royalpeptides.eu\/hu\/altalanos-szerzodesi-feltetelek\" \/>\n<meta property=\"og:site_name\" content=\"Royal Peptides\" \/>\n<meta property=\"article:publisher\" content=\"https:\/\/www.facebook.com\/profile.php?id=61588101646707\" \/>\n<meta property=\"article:modified_time\" content=\"2026-04-15T10:31:38+00:00\" \/>\n<meta name=\"twitter:card\" content=\"summary_large_image\" \/>\n<meta name=\"twitter:label1\" content=\"Becs\u00fclt olvas\u00e1si id\u0151\" \/>\n\t<meta name=\"twitter:data1\" content=\"28 perc\" \/>\n<script type=\"application\/ld+json\" class=\"yoast-schema-graph\">{\"@context\":\"https:\/\/schema.org\",\"@graph\":[{\"@type\":\"WebPage\",\"@id\":\"https:\/\/www.royalpeptides.eu\/hu\/altalanos-szerzodesi-feltetelek\",\"url\":\"https:\/\/www.royalpeptides.eu\/hu\/altalanos-szerzodesi-feltetelek\",\"name\":\"\u00c1ltal\u00e1nos szerz\u0151d\u00e9si felt\u00e9telek - Royal Peptides\",\"isPartOf\":{\"@id\":\"https:\/\/www.royalpeptides.eu\/hu#website\"},\"datePublished\":\"2026-02-25T17:47:03+00:00\",\"dateModified\":\"2026-04-15T10:31:38+00:00\",\"breadcrumb\":{\"@id\":\"https:\/\/www.royalpeptides.eu\/hu\/altalanos-szerzodesi-feltetelek#breadcrumb\"},\"inLanguage\":\"hu\",\"potentialAction\":[{\"@type\":\"ReadAction\",\"target\":[\"https:\/\/www.royalpeptides.eu\/hu\/altalanos-szerzodesi-feltetelek\"]}]},{\"@type\":\"BreadcrumbList\",\"@id\":\"https:\/\/www.royalpeptides.eu\/hu\/altalanos-szerzodesi-feltetelek#breadcrumb\",\"itemListElement\":[{\"@type\":\"ListItem\",\"position\":1,\"name\":\"Domovsk\u00e1 str\u00e1nka\",\"item\":\"https:\/\/www.royalpeptides.eu\/hu\"},{\"@type\":\"ListItem\",\"position\":2,\"name\":\"\u00c1ltal\u00e1nos szerz\u0151d\u00e9si felt\u00e9telek\"}]},{\"@type\":\"WebSite\",\"@id\":\"https:\/\/www.royalpeptides.eu\/hu#website\",\"url\":\"https:\/\/www.royalpeptides.eu\/hu\",\"name\":\"Royal Peptides\",\"description\":\"\",\"publisher\":{\"@id\":\"https:\/\/www.royalpeptides.eu\/hu#organization\"},\"potentialAction\":[{\"@type\":\"SearchAction\",\"target\":{\"@type\":\"EntryPoint\",\"urlTemplate\":\"https:\/\/www.royalpeptides.eu\/hu?s={search_term_string}\"},\"query-input\":{\"@type\":\"PropertyValueSpecification\",\"valueRequired\":true,\"valueName\":\"search_term_string\"}}],\"inLanguage\":\"hu\"},{\"@type\":\"Organization\",\"@id\":\"https:\/\/www.royalpeptides.eu\/hu#organization\",\"name\":\"Royal Peptides\",\"url\":\"https:\/\/www.royalpeptides.eu\/hu\",\"logo\":{\"@type\":\"ImageObject\",\"inLanguage\":\"hu\",\"@id\":\"https:\/\/www.royalpeptides.eu\/hu#\/schema\/logo\/image\/\",\"url\":\"https:\/\/www.royalpeptides.eu\/wp-content\/uploads\/2026\/02\/royal_peptides_fade_edges.png\",\"contentUrl\":\"https:\/\/www.royalpeptides.eu\/wp-content\/uploads\/2026\/02\/royal_peptides_fade_edges.png\",\"width\":2048,\"height\":909,\"caption\":\"Royal Peptides\"},\"image\":{\"@id\":\"https:\/\/www.royalpeptides.eu\/hu#\/schema\/logo\/image\/\"},\"sameAs\":[\"https:\/\/www.facebook.com\/profile.php?id=61588101646707\",\"https:\/\/www.instagram.com\/royal_pep?igsh=Z2RoamNlaW1sZmFr\"]}]}<\/script>\n<!-- \/ Yoast SEO plugin. -->","yoast_head_json":{"title":"\u00c1ltal\u00e1nos szerz\u0151d\u00e9si felt\u00e9telek - Royal Peptides","robots":{"index":"index","follow":"follow","max-snippet":"max-snippet:-1","max-image-preview":"max-image-preview:large","max-video-preview":"max-video-preview:-1"},"canonical":"https:\/\/www.royalpeptides.eu\/hu\/altalanos-szerzodesi-feltetelek","og_locale":"hu_HU","og_type":"article","og_title":"\u00c1ltal\u00e1nos szerz\u0151d\u00e9si felt\u00e9telek - Royal Peptides","og_description":"\u00c1ltal\u00e1nos szerz\u0151d\u00e9si felt\u00e9telek Tieto v\u0161eobecn\u00e9 obchodn\u00e9 podmienky (&#8222;Felt\u00e9telek&#8222;) szab\u00e1lyozz\u00e1k az \u00d6n, mint v\u00e1s\u00e1rl\u00f3, valamint a mi, mint elad\u00f3, illetve keresked\u0151 jogait \u00e9s k\u00f6telezetts\u00e9geit a t\u00e1voll\u00e9v\u0151k k\u00f6z\u00f6tti kommunik\u00e1ci\u00f3 \u00fatj\u00e1n l\u00e9trej\u00f6tt szerz\u0151d\u00e9ses jogviszonyok keret\u00e9ben, konkr\u00e9tan az www.royalpeptides.eu weboldalon m\u0171k\u00f6d\u0151 E-shopon kereszt\u00fcl. Az \u00d6n szem\u00e9lyes adatainak kezel\u00e9s\u00e9re vonatkoz\u00f3 \u00f6sszes inform\u00e1ci\u00f3 megtal\u00e1lhat\u00f3 az adatkezel\u00e9si ir\u00e1nyelvekben, amelyeket a www.royalpeptides.eu weboldalon [&hellip;]","og_url":"https:\/\/www.royalpeptides.eu\/hu\/altalanos-szerzodesi-feltetelek","og_site_name":"Royal Peptides","article_publisher":"https:\/\/www.facebook.com\/profile.php?id=61588101646707","article_modified_time":"2026-04-15T10:31:38+00:00","twitter_card":"summary_large_image","twitter_misc":{"Becs\u00fclt olvas\u00e1si id\u0151":"28 perc"},"schema":{"@context":"https:\/\/schema.org","@graph":[{"@type":"WebPage","@id":"https:\/\/www.royalpeptides.eu\/hu\/altalanos-szerzodesi-feltetelek","url":"https:\/\/www.royalpeptides.eu\/hu\/altalanos-szerzodesi-feltetelek","name":"\u00c1ltal\u00e1nos szerz\u0151d\u00e9si felt\u00e9telek - Royal Peptides","isPartOf":{"@id":"https:\/\/www.royalpeptides.eu\/hu#website"},"datePublished":"2026-02-25T17:47:03+00:00","dateModified":"2026-04-15T10:31:38+00:00","breadcrumb":{"@id":"https:\/\/www.royalpeptides.eu\/hu\/altalanos-szerzodesi-feltetelek#breadcrumb"},"inLanguage":"hu","potentialAction":[{"@type":"ReadAction","target":["https:\/\/www.royalpeptides.eu\/hu\/altalanos-szerzodesi-feltetelek"]}]},{"@type":"BreadcrumbList","@id":"https:\/\/www.royalpeptides.eu\/hu\/altalanos-szerzodesi-feltetelek#breadcrumb","itemListElement":[{"@type":"ListItem","position":1,"name":"Domovsk\u00e1 str\u00e1nka","item":"https:\/\/www.royalpeptides.eu\/hu"},{"@type":"ListItem","position":2,"name":"\u00c1ltal\u00e1nos szerz\u0151d\u00e9si felt\u00e9telek"}]},{"@type":"WebSite","@id":"https:\/\/www.royalpeptides.eu\/hu#website","url":"https:\/\/www.royalpeptides.eu\/hu","name":"Royal Peptides","description":"","publisher":{"@id":"https:\/\/www.royalpeptides.eu\/hu#organization"},"potentialAction":[{"@type":"SearchAction","target":{"@type":"EntryPoint","urlTemplate":"https:\/\/www.royalpeptides.eu\/hu?s={search_term_string}"},"query-input":{"@type":"PropertyValueSpecification","valueRequired":true,"valueName":"search_term_string"}}],"inLanguage":"hu"},{"@type":"Organization","@id":"https:\/\/www.royalpeptides.eu\/hu#organization","name":"Royal Peptides","url":"https:\/\/www.royalpeptides.eu\/hu","logo":{"@type":"ImageObject","inLanguage":"hu","@id":"https:\/\/www.royalpeptides.eu\/hu#\/schema\/logo\/image\/","url":"https:\/\/www.royalpeptides.eu\/wp-content\/uploads\/2026\/02\/royal_peptides_fade_edges.png","contentUrl":"https:\/\/www.royalpeptides.eu\/wp-content\/uploads\/2026\/02\/royal_peptides_fade_edges.png","width":2048,"height":909,"caption":"Royal Peptides"},"image":{"@id":"https:\/\/www.royalpeptides.eu\/hu#\/schema\/logo\/image\/"},"sameAs":["https:\/\/www.facebook.com\/profile.php?id=61588101646707","https:\/\/www.instagram.com\/royal_pep?igsh=Z2RoamNlaW1sZmFr"]}]}},"_links":{"self":[{"href":"https:\/\/www.royalpeptides.eu\/hu\/wp-json\/wp\/v2\/pages\/2630","targetHints":{"allow":["GET"]}}],"collection":[{"href":"https:\/\/www.royalpeptides.eu\/hu\/wp-json\/wp\/v2\/pages"}],"about":[{"href":"https:\/\/www.royalpeptides.eu\/hu\/wp-json\/wp\/v2\/types\/page"}],"author":[{"embeddable":true,"href":"https:\/\/www.royalpeptides.eu\/hu\/wp-json\/wp\/v2\/users\/1"}],"replies":[{"embeddable":true,"href":"https:\/\/www.royalpeptides.eu\/hu\/wp-json\/wp\/v2\/comments?post=2630"}],"version-history":[{"count":5,"href":"https:\/\/www.royalpeptides.eu\/hu\/wp-json\/wp\/v2\/pages\/2630\/revisions"}],"predecessor-version":[{"id":2709,"href":"https:\/\/www.royalpeptides.eu\/hu\/wp-json\/wp\/v2\/pages\/2630\/revisions\/2709"}],"wp:attachment":[{"href":"https:\/\/www.royalpeptides.eu\/hu\/wp-json\/wp\/v2\/media?parent=2630"}],"curies":[{"name":"wp","href":"https:\/\/api.w.org\/{rel}","templated":true}]}}